{"id":13,"date":"2024-07-16T20:36:53","date_gmt":"2024-07-16T20:36:53","guid":{"rendered":"https:\/\/dev.see.com.br\/base\/?page_id=13"},"modified":"2024-08-21T09:22:51","modified_gmt":"2024-08-21T12:22:51","slug":"home","status":"publish","type":"page","link":"https:\/\/eventos.idsa.org.br\/idip\/","title":{"rendered":"Home"},"content":{"rendered":"\t\t<div data-elementor-type=\"wp-page\" data-elementor-id=\"13\" class=\"elementor elementor-13\" data-elementor-post-type=\"page\">\n\t\t\t\t<div class=\"elementor-element elementor-element-4261c6a7 e-con-full e-flex e-con e-parent\" data-id=\"4261c6a7\" data-element_type=\"container\" id=\"top\" data-settings=\"{&quot;background_background&quot;:&quot;classic&quot;}\">\n\t\t<div class=\"elementor-element elementor-element-72898ba e-con-full e-flex e-con e-child\" data-id=\"72898ba\" data-element_type=\"container\">\n\t\t\t\t<div class=\"elementor-element elementor-element-5e951af6 elementor-widget elementor-widget-heading\" data-id=\"5e951af6\" data-element_type=\"widget\" data-widget_type=\"heading.default\">\n\t\t\t\t<div class=\"elementor-widget-container\">\n\t\t\t<style>\/*! elementor - v3.23.0 - 25-07-2024 *\/\n.elementor-heading-title{padding:0;margin:0;line-height:1}.elementor-widget-heading .elementor-heading-title[class*=elementor-size-]>a{color:inherit;font-size:inherit;line-height:inherit}.elementor-widget-heading .elementor-heading-title.elementor-size-small{font-size:15px}.elementor-widget-heading .elementor-heading-title.elementor-size-medium{font-size:19px}.elementor-widget-heading .elementor-heading-title.elementor-size-large{font-size:29px}.elementor-widget-heading .elementor-heading-title.elementor-size-xl{font-size:39px}.elementor-widget-heading .elementor-heading-title.elementor-size-xxl{font-size:59px}<\/style><h1 class=\"elementor-heading-title elementor-size-default\">Congresso<br> Disputas em M&A<\/h1>\t\t<\/div>\n\t\t\t\t<\/div>\n\t\t<div class=\"elementor-element elementor-element-6c26546 e-con-full e-flex e-con e-child\" data-id=\"6c26546\" data-element_type=\"container\">\n\t\t\t\t<div class=\"elementor-element elementor-element-15cfa98 elementor-widget__width-auto elementor-widget elementor-widget-heading\" data-id=\"15cfa98\" data-element_type=\"widget\" data-widget_type=\"heading.default\">\n\t\t\t\t<div class=\"elementor-widget-container\">\n\t\t\t<p class=\"elementor-heading-title elementor-size-default\"><span> \u2013 IDSA & IDiP  \u2013<\/span><\/p>\t\t<\/div>\n\t\t\t\t<\/div>\n\t\t\t\t<\/div>\n\t\t<div class=\"elementor-element elementor-element-5add704 e-con-full e-flex e-con e-child\" data-id=\"5add704\" data-element_type=\"container\">\n\t\t<div class=\"elementor-element elementor-element-1913102 e-con-full e-flex e-con e-child\" data-id=\"1913102\" data-element_type=\"container\">\n\t\t\t\t<div class=\"elementor-element elementor-element-a97b481 elementor-widget elementor-widget-heading\" data-id=\"a97b481\" data-element_type=\"widget\" data-widget_type=\"heading.default\">\n\t\t\t\t<div class=\"elementor-widget-container\">\n\t\t\t<p class=\"elementor-heading-title elementor-size-default\">22 e 23 de agosto de 2024\n<\/p>\t\t<\/div>\n\t\t\t\t<\/div>\n\t\t\t\t<div class=\"elementor-element elementor-element-dfa5ca9 elementor-widget elementor-widget-heading\" data-id=\"dfa5ca9\" data-element_type=\"widget\" data-widget_type=\"heading.default\">\n\t\t\t\t<div class=\"elementor-widget-container\">\n\t\t\t<p class=\"elementor-heading-title elementor-size-default\">9h00 \u00e0s 12h00\n<\/p>\t\t<\/div>\n\t\t\t\t<\/div>\n\t\t\t\t<\/div>\n\t\t<div class=\"elementor-element elementor-element-96858a8 e-con-full e-flex e-con e-child\" data-id=\"96858a8\" data-element_type=\"container\">\n\t\t\t\t<div class=\"elementor-element elementor-element-9717a79 elementor-widget elementor-widget-heading\" data-id=\"9717a79\" data-element_type=\"widget\" data-widget_type=\"heading.default\">\n\t\t\t\t<div class=\"elementor-widget-container\">\n\t\t\t<p class=\"elementor-heading-title elementor-size-default\">Audit\u00f3rio CAM-CCBC<\/p>\t\t<\/div>\n\t\t\t\t<\/div>\n\t\t\t\t<div class=\"elementor-element elementor-element-9dff329 elementor-widget elementor-widget-heading\" data-id=\"9dff329\" data-element_type=\"widget\" data-widget_type=\"heading.default\">\n\t\t\t\t<div class=\"elementor-widget-container\">\n\t\t\t<p class=\"elementor-heading-title elementor-size-default\">Rua do R\u00f3cio 220, 5\u00b0 andar, S\u00e3o Paulo<\/p>\t\t<\/div>\n\t\t\t\t<\/div>\n\t\t\t\t<\/div>\n\t\t\t\t<\/div>\n\t\t\t\t<div class=\"elementor-element elementor-element-262b53d9 elementor-align-center elementor-widget elementor-widget-button\" data-id=\"262b53d9\" data-element_type=\"widget\" data-widget_type=\"button.default\">\n\t\t\t\t<div class=\"elementor-widget-container\">\n\t\t\t\t\t<div class=\"elementor-button-wrapper\">\n\t\t\t<a class=\"elementor-button elementor-size-sm\" role=\"button\">\n\t\t\t\t\t\t<span class=\"elementor-button-content-wrapper\">\n\t\t\t\t\t\t\t\t\t<span class=\"elementor-button-text\">Inscri\u00e7\u00f5es encerradas<\/span>\n\t\t\t\t\t<\/span>\n\t\t\t\t\t<\/a>\n\t\t<\/div>\n\t\t\t\t<\/div>\n\t\t\t\t<\/div>\n\t\t\t\t<\/div>\n\t\t\t\t<\/div>\n\t\t<div class=\"elementor-element elementor-element-fd299ef e-flex e-con-boxed e-con e-parent\" data-id=\"fd299ef\" data-element_type=\"container\" data-settings=\"{&quot;background_background&quot;:&quot;classic&quot;}\">\n\t\t\t\t\t<div class=\"e-con-inner\">\n\t\t\t\t<div class=\"elementor-element elementor-element-00ae0bf anchor elementor-widget elementor-widget-menu-anchor\" data-id=\"00ae0bf\" data-element_type=\"widget\" data-widget_type=\"menu-anchor.default\">\n\t\t\t\t<div class=\"elementor-widget-container\">\n\t\t\t<style>\/*! elementor - v3.23.0 - 25-07-2024 *\/\nbody.elementor-page .elementor-widget-menu-anchor{margin-bottom:0}<\/style>\t\t<div class=\"elementor-menu-anchor\" id=\"programacao\"><\/div>\n\t\t\t\t<\/div>\n\t\t\t\t<\/div>\n\t\t\t\t<div class=\"elementor-element elementor-element-d32f0d1 elementor-widget elementor-widget-heading\" data-id=\"d32f0d1\" data-element_type=\"widget\" data-widget_type=\"heading.default\">\n\t\t\t\t<div class=\"elementor-widget-container\">\n\t\t\t<h2 class=\"elementor-heading-title elementor-size-default\">Programa\u00e7\u00e3o<\/h2>\t\t<\/div>\n\t\t\t\t<\/div>\n\t\t\t\t<div class=\"elementor-element elementor-element-dff7827 elementor-widget elementor-widget-jet-tabs\" data-id=\"dff7827\" data-element_type=\"widget\" data-settings=\"{&quot;tabs_position_mobile&quot;:&quot;top&quot;,&quot;tabs_position&quot;:&quot;top&quot;,&quot;no_active_tabs&quot;:&quot;false&quot;}\" data-widget_type=\"jet-tabs.default\">\n\t\t\t\t<div class=\"elementor-widget-container\">\n\t\t\t\n\t\t<div class=\"jet-tabs jet-tabs-position-top jet-tabs-move-up-effect \" data-settings=\"{&quot;activeIndex&quot;:0,&quot;event&quot;:&quot;click&quot;,&quot;autoSwitch&quot;:false,&quot;autoSwitchDelay&quot;:3000,&quot;ajaxTemplate&quot;:false,&quot;tabsPosition&quot;:&quot;top&quot;,&quot;switchScrolling&quot;:false,&quot;switchScrollingOffset&quot;:0}\">\n\t\t\t<div class=\"jet-tabs__control-wrapper \" \trole=\"tablist\">\n\t\t\t\t<div id=\"jet-tabs-control-2341\" class=\"jet-tabs__control jet-tabs__control-icon-left elementor-menu-anchor active-tab\" data-tab=\"1\" tabindex=\"0\" role=\"tab\" aria-controls=\"jet-tabs-content-2341\" aria-expanded=\"true\" data-template-id=\"693\"><div class=\"jet-tabs__control-inner\"><div class=\"jet-tabs__label-text\">22 de agosto<\/div><\/div><\/div><div id=\"jet-tabs-control-2342\" class=\"jet-tabs__control jet-tabs__control-icon-left elementor-menu-anchor \" data-tab=\"2\" tabindex=\"0\" role=\"tab\" aria-controls=\"jet-tabs-content-2342\" aria-expanded=\"false\" data-template-id=\"703\"><div class=\"jet-tabs__control-inner\"><div class=\"jet-tabs__label-text\">23 de agosto<\/div><\/div><\/div>\t\t\t<\/div>\n\t\t\t<div class=\"jet-tabs__content-wrapper\">\n\t\t\t\t<div id=\"jet-tabs-content-2341\" class=\"jet-tabs__content active-content\" data-tab=\"1\" role=\"tabpanel\" aria-hidden=\"false\" data-template-id=\"693\">\t\t<div data-elementor-type=\"section\" data-elementor-id=\"693\" class=\"elementor elementor-693\" data-elementor-post-type=\"elementor_library\">\n\t\t\t<div class=\"elementor-element elementor-element-16b8867 e-flex e-con-boxed e-con e-parent\" data-id=\"16b8867\" data-element_type=\"container\">\n\t\t\t\t\t<div class=\"e-con-inner\">\n\t\t<div class=\"elementor-element elementor-element-3da57b6 e-con-full e-flex e-con e-child\" data-id=\"3da57b6\" data-element_type=\"container\">\n\t\t\t\t<div class=\"elementor-element elementor-element-ec05bc5 elementor-widget__width-initial event-time elementor-widget elementor-widget-heading\" data-id=\"ec05bc5\" data-element_type=\"widget\" data-widget_type=\"heading.default\">\n\t\t\t\t<div class=\"elementor-widget-container\">\n\t\t\t<p class=\"elementor-heading-title elementor-size-default\">09h00 - 09h15<\/p>\t\t<\/div>\n\t\t\t\t<\/div>\n\t\t\t\t<div class=\"elementor-element elementor-element-e0e8d27 elementor-widget-mobile__width-inherit elementor-widget elementor-widget-heading\" data-id=\"e0e8d27\" data-element_type=\"widget\" data-widget_type=\"heading.default\">\n\t\t\t\t<div class=\"elementor-widget-container\">\n\t\t\t<p class=\"elementor-heading-title elementor-size-default\">Caf\u00e9 de boas-vindas<\/p>\t\t<\/div>\n\t\t\t\t<\/div>\n\t\t\t\t<\/div>\n\t\t<div class=\"elementor-element elementor-element-c45b041 e-con-full e-flex e-con e-child\" data-id=\"c45b041\" data-element_type=\"container\">\n\t\t\t\t<div class=\"elementor-element elementor-element-1aed4b6 elementor-widget__width-initial event-time elementor-widget elementor-widget-heading\" data-id=\"1aed4b6\" data-element_type=\"widget\" data-widget_type=\"heading.default\">\n\t\t\t\t<div class=\"elementor-widget-container\">\n\t\t\t<p class=\"elementor-heading-title elementor-size-default\">09h15 - 09h30<\/p>\t\t<\/div>\n\t\t\t\t<\/div>\n\t\t\t\t<div class=\"elementor-element elementor-element-50cf5ae elementor-widget-mobile__width-inherit elementor-widget elementor-widget-heading\" data-id=\"50cf5ae\" data-element_type=\"widget\" data-widget_type=\"heading.default\">\n\t\t\t\t<div class=\"elementor-widget-container\">\n\t\t\t<p class=\"elementor-heading-title elementor-size-default\">Abertura (15min)<\/p>\t\t<\/div>\n\t\t\t\t<\/div>\n\t\t\t\t<\/div>\n\t\t<div class=\"elementor-element elementor-element-e067533 e-con-full e-flex e-con e-child\" data-id=\"e067533\" data-element_type=\"container\">\n\t\t\t\t<div class=\"elementor-element elementor-element-da6449a elementor-widget__width-initial event-time elementor-widget elementor-widget-heading\" data-id=\"da6449a\" data-element_type=\"widget\" data-widget_type=\"heading.default\">\n\t\t\t\t<div class=\"elementor-widget-container\">\n\t\t\t<p class=\"elementor-heading-title elementor-size-default\">09h30 - 10h30<\/p>\t\t<\/div>\n\t\t\t\t<\/div>\n\t\t<div class=\"elementor-element elementor-element-9a97413 e-con-full e-flex e-con e-child\" data-id=\"9a97413\" data-element_type=\"container\">\n\t\t\t\t<div class=\"elementor-element elementor-element-2180270 elementor-widget elementor-widget-heading\" data-id=\"2180270\" data-element_type=\"widget\" data-widget_type=\"heading.default\">\n\t\t\t\t<div class=\"elementor-widget-container\">\n\t\t\t<p class=\"elementor-heading-title elementor-size-default\">Painel 1: <b>Declara\u00e7\u00f5es e Garantias em Contratos de M&A<\/b><\/p>\t\t<\/div>\n\t\t\t\t<\/div>\n\t\t\t\t<div class=\"elementor-element elementor-element-270c9be remove-mb elementor-widget elementor-widget-text-editor\" data-id=\"270c9be\" data-element_type=\"widget\" data-widget_type=\"text-editor.default\">\n\t\t\t\t<div class=\"elementor-widget-container\">\n\t\t\t\t\t\t\t<p>Moderador: <i>Guilherme Setoguti<br \/><\/i>Participantes: <i>Fernanda Mysnarski Martins Costa, Lie Uema do Carmo, Marcelo Guedes Nunes e Nelson Eizirik<\/i><\/p>\t\t\t\t\t\t<\/div>\n\t\t\t\t<\/div>\n\t\t\t\t<\/div>\n\t\t\t\t<\/div>\n\t\t<div class=\"elementor-element elementor-element-8b763d5 e-con-full e-flex e-con e-child\" data-id=\"8b763d5\" data-element_type=\"container\">\n\t\t\t\t<div class=\"elementor-element elementor-element-5a0cd0e elementor-widget__width-initial event-time elementor-widget elementor-widget-heading\" data-id=\"5a0cd0e\" data-element_type=\"widget\" data-widget_type=\"heading.default\">\n\t\t\t\t<div class=\"elementor-widget-container\">\n\t\t\t<p class=\"elementor-heading-title elementor-size-default\">10h30 - 10h45<\/p>\t\t<\/div>\n\t\t\t\t<\/div>\n\t\t\t\t<div class=\"elementor-element elementor-element-161f4b7 elementor-widget-mobile__width-inherit elementor-widget elementor-widget-heading\" data-id=\"161f4b7\" data-element_type=\"widget\" data-widget_type=\"heading.default\">\n\t\t\t\t<div class=\"elementor-widget-container\">\n\t\t\t<p class=\"elementor-heading-title elementor-size-default\">Intervalo - caf\u00e9<\/p>\t\t<\/div>\n\t\t\t\t<\/div>\n\t\t\t\t<\/div>\n\t\t<div class=\"elementor-element elementor-element-330c6c0 e-con-full e-flex e-con e-child\" data-id=\"330c6c0\" data-element_type=\"container\">\n\t\t\t\t<div class=\"elementor-element elementor-element-d85e33f elementor-widget__width-initial event-time elementor-widget elementor-widget-heading\" data-id=\"d85e33f\" data-element_type=\"widget\" data-widget_type=\"heading.default\">\n\t\t\t\t<div class=\"elementor-widget-container\">\n\t\t\t<p class=\"elementor-heading-title elementor-size-default\">10h45 - 12h00<\/p>\t\t<\/div>\n\t\t\t\t<\/div>\n\t\t<div class=\"elementor-element elementor-element-a2e0d0d e-con-full e-flex e-con e-child\" data-id=\"a2e0d0d\" data-element_type=\"container\">\n\t\t\t\t<div class=\"elementor-element elementor-element-c5dc061 elementor-widget elementor-widget-heading\" data-id=\"c5dc061\" data-element_type=\"widget\" data-widget_type=\"heading.default\">\n\t\t\t\t<div class=\"elementor-widget-container\">\n\t\t\t<p class=\"elementor-heading-title elementor-size-default\">Painel 2: <b>Cl\u00e1usulas Contratuais e Disputas de M&A: sole remedy, entendimento integral, best efforts, best knowledge<\/b><\/p>\t\t<\/div>\n\t\t\t\t<\/div>\n\t\t\t\t<div class=\"elementor-element elementor-element-aab06c7 remove-mb elementor-widget elementor-widget-text-editor\" data-id=\"aab06c7\" data-element_type=\"widget\" data-widget_type=\"text-editor.default\">\n\t\t\t\t<div class=\"elementor-widget-container\">\n\t\t\t\t\t\t\t<p>Moderadora: <i>Laura Patella<br \/><\/i>Participantes:<i> Catarina Monteiro Pires, Gabriel Buschinelli, Guilherme Nitschke e Pablo Renteria<\/i><\/p>\t\t\t\t\t\t<\/div>\n\t\t\t\t<\/div>\n\t\t\t\t<\/div>\n\t\t\t\t<\/div>\n\t\t\t\t\t<\/div>\n\t\t\t\t<\/div>\n\t\t\t\t<\/div>\n\t\t<\/div><div id=\"jet-tabs-content-2342\" class=\"jet-tabs__content \" data-tab=\"2\" role=\"tabpanel\" aria-hidden=\"true\" data-template-id=\"703\">\t\t<div data-elementor-type=\"section\" data-elementor-id=\"703\" class=\"elementor elementor-703\" data-elementor-post-type=\"elementor_library\">\n\t\t\t<div class=\"elementor-element elementor-element-fdd72ea e-flex e-con-boxed e-con e-parent\" data-id=\"fdd72ea\" data-element_type=\"container\">\n\t\t\t\t\t<div class=\"e-con-inner\">\n\t\t<div class=\"elementor-element elementor-element-d4fbab3 e-con-full e-flex e-con e-child\" data-id=\"d4fbab3\" data-element_type=\"container\">\n\t\t\t\t<div class=\"elementor-element elementor-element-98861c6 elementor-widget__width-initial event-time elementor-widget elementor-widget-heading\" data-id=\"98861c6\" data-element_type=\"widget\" data-widget_type=\"heading.default\">\n\t\t\t\t<div class=\"elementor-widget-container\">\n\t\t\t<p class=\"elementor-heading-title elementor-size-default\">09h00 - 09h15<\/p>\t\t<\/div>\n\t\t\t\t<\/div>\n\t\t\t\t<div class=\"elementor-element elementor-element-65c7fae elementor-widget-mobile__width-inherit elementor-widget elementor-widget-heading\" data-id=\"65c7fae\" data-element_type=\"widget\" data-widget_type=\"heading.default\">\n\t\t\t\t<div class=\"elementor-widget-container\">\n\t\t\t<p class=\"elementor-heading-title elementor-size-default\">Caf\u00e9 de boas-vindas<\/p>\t\t<\/div>\n\t\t\t\t<\/div>\n\t\t\t\t<\/div>\n\t\t<div class=\"elementor-element elementor-element-136c1b9 e-con-full e-flex e-con e-child\" data-id=\"136c1b9\" data-element_type=\"container\">\n\t\t\t\t<div class=\"elementor-element elementor-element-3adef67 elementor-widget__width-initial event-time elementor-widget elementor-widget-heading\" data-id=\"3adef67\" data-element_type=\"widget\" data-widget_type=\"heading.default\">\n\t\t\t\t<div class=\"elementor-widget-container\">\n\t\t\t<p class=\"elementor-heading-title elementor-size-default\">09h15 - 10h15<\/p>\t\t<\/div>\n\t\t\t\t<\/div>\n\t\t<div class=\"elementor-element elementor-element-fd085de e-con-full e-flex e-con e-child\" data-id=\"fd085de\" data-element_type=\"container\">\n\t\t\t\t<div class=\"elementor-element elementor-element-82f76bf elementor-widget elementor-widget-heading\" data-id=\"82f76bf\" data-element_type=\"widget\" data-widget_type=\"heading.default\">\n\t\t\t\t<div class=\"elementor-widget-container\">\n\t\t\t<p class=\"elementor-heading-title elementor-size-default\">Painel 3: <b>Condi\u00e7\u00f5es em contratos de M&A<\/b><\/p>\t\t<\/div>\n\t\t\t\t<\/div>\n\t\t\t\t<div class=\"elementor-element elementor-element-998bc45 remove-mb elementor-widget elementor-widget-text-editor\" data-id=\"998bc45\" data-element_type=\"widget\" data-widget_type=\"text-editor.default\">\n\t\t\t\t<div class=\"elementor-widget-container\">\n\t\t\t\t\t\t\t<p>Moderador: <i>Fabio Martins<br \/><\/i>Participantes: <i>Giovanna Benetti, Gisela Sampaio da Cruz Guedes, Gustavo Haical e Juliana Krueger Pela<\/i><\/p>\t\t\t\t\t\t<\/div>\n\t\t\t\t<\/div>\n\t\t\t\t<\/div>\n\t\t\t\t<\/div>\n\t\t<div class=\"elementor-element elementor-element-14e6d06 e-con-full e-flex e-con e-child\" data-id=\"14e6d06\" data-element_type=\"container\">\n\t\t\t\t<div class=\"elementor-element elementor-element-8ce552d elementor-widget__width-initial event-time elementor-widget elementor-widget-heading\" data-id=\"8ce552d\" data-element_type=\"widget\" data-widget_type=\"heading.default\">\n\t\t\t\t<div class=\"elementor-widget-container\">\n\t\t\t<p class=\"elementor-heading-title elementor-size-default\">10h15 - 10h30<\/p>\t\t<\/div>\n\t\t\t\t<\/div>\n\t\t\t\t<div class=\"elementor-element elementor-element-a3cdc0c elementor-widget-mobile__width-inherit elementor-widget elementor-widget-heading\" data-id=\"a3cdc0c\" data-element_type=\"widget\" data-widget_type=\"heading.default\">\n\t\t\t\t<div class=\"elementor-widget-container\">\n\t\t\t<p class=\"elementor-heading-title elementor-size-default\">Intervalo - caf\u00e9<\/p>\t\t<\/div>\n\t\t\t\t<\/div>\n\t\t\t\t<\/div>\n\t\t<div class=\"elementor-element elementor-element-e22513a e-con-full e-flex e-con e-child\" data-id=\"e22513a\" data-element_type=\"container\">\n\t\t\t\t<div class=\"elementor-element elementor-element-9ce2ee9 elementor-widget__width-initial event-time elementor-widget elementor-widget-heading\" data-id=\"9ce2ee9\" data-element_type=\"widget\" data-widget_type=\"heading.default\">\n\t\t\t\t<div class=\"elementor-widget-container\">\n\t\t\t<p class=\"elementor-heading-title elementor-size-default\">10h30 - 11h30<\/p>\t\t<\/div>\n\t\t\t\t<\/div>\n\t\t<div class=\"elementor-element elementor-element-30fd0e5 e-con-full e-flex e-con e-child\" data-id=\"30fd0e5\" data-element_type=\"container\">\n\t\t\t\t<div class=\"elementor-element elementor-element-6de7cfe elementor-widget elementor-widget-heading\" data-id=\"6de7cfe\" data-element_type=\"widget\" data-widget_type=\"heading.default\">\n\t\t\t\t<div class=\"elementor-widget-container\">\n\t\t\t<p class=\"elementor-heading-title elementor-size-default\">Painel 4: <b>Mecanismos de Pre\u00e7o em Contratos de M&A<\/b><\/p>\t\t<\/div>\n\t\t\t\t<\/div>\n\t\t\t\t<div class=\"elementor-element elementor-element-8ba39d6 remove-mb elementor-widget elementor-widget-text-editor\" data-id=\"8ba39d6\" data-element_type=\"widget\" data-widget_type=\"text-editor.default\">\n\t\t\t\t<div class=\"elementor-widget-container\">\n\t\t\t\t\t\t\t<p>Moderadora: <i>Fabiana Almeida\u00a0<br \/><\/i>Participantes: <i>Flavio<\/i> <i>Malaga, Luciana Tornovsky, Mariana Conti Craveiro e Mariana Martins-Costa Ferreira<\/i><\/p>\t\t\t\t\t\t<\/div>\n\t\t\t\t<\/div>\n\t\t\t\t<\/div>\n\t\t\t\t<\/div>\n\t\t<div class=\"elementor-element elementor-element-3069868 e-con-full e-flex e-con e-child\" data-id=\"3069868\" data-element_type=\"container\">\n\t\t\t\t<div class=\"elementor-element elementor-element-70c294b elementor-widget__width-initial event-time elementor-widget elementor-widget-heading\" data-id=\"70c294b\" data-element_type=\"widget\" data-widget_type=\"heading.default\">\n\t\t\t\t<div class=\"elementor-widget-container\">\n\t\t\t<p class=\"elementor-heading-title elementor-size-default\">11h30 - 12h00<\/p>\t\t<\/div>\n\t\t\t\t<\/div>\n\t\t<div class=\"elementor-element elementor-element-1a3569b e-con-full e-flex e-con e-child\" data-id=\"1a3569b\" data-element_type=\"container\">\n\t\t\t\t<div class=\"elementor-element elementor-element-44a95b1 elementor-widget elementor-widget-heading\" data-id=\"44a95b1\" data-element_type=\"widget\" data-widget_type=\"heading.default\">\n\t\t\t\t<div class=\"elementor-widget-container\">\n\t\t\t<p class=\"elementor-heading-title elementor-size-default\">Fechamento: <b>Disputas de M&A no Judici\u00e1rio<\/b><\/p>\t\t<\/div>\n\t\t\t\t<\/div>\n\t\t\t\t<div class=\"elementor-element elementor-element-d43b561 remove-mb elementor-widget elementor-widget-text-editor\" data-id=\"d43b561\" data-element_type=\"widget\" data-widget_type=\"text-editor.default\">\n\t\t\t\t<div class=\"elementor-widget-container\">\n\t\t\t\t\t\t\tEduardo Azuma Nishi\t\t\t\t\t\t<\/div>\n\t\t\t\t<\/div>\n\t\t\t\t<\/div>\n\t\t\t\t<\/div>\n\t\t\t\t\t<\/div>\n\t\t\t\t<\/div>\n\t\t\t\t<\/div>\n\t\t<\/div>\t\t\t<\/div>\n\t\t<\/div>\n\t\t\t\t<\/div>\n\t\t\t\t<\/div>\n\t\t\t\t\t<\/div>\n\t\t\t\t<\/div>\n\t\t<div class=\"elementor-element elementor-element-69c5222 e-flex e-con-boxed e-con e-parent\" data-id=\"69c5222\" data-element_type=\"container\" data-settings=\"{&quot;background_background&quot;:&quot;classic&quot;}\">\n\t\t\t\t\t<div class=\"e-con-inner\">\n\t\t\t\t<div class=\"elementor-element elementor-element-c26048d anchor elementor-widget elementor-widget-menu-anchor\" data-id=\"c26048d\" data-element_type=\"widget\" data-widget_type=\"menu-anchor.default\">\n\t\t\t\t<div class=\"elementor-widget-container\">\n\t\t\t\t\t<div class=\"elementor-menu-anchor\" id=\"palestrantes\"><\/div>\n\t\t\t\t<\/div>\n\t\t\t\t<\/div>\n\t\t\t\t<div class=\"elementor-element elementor-element-41fecba elementor-widget elementor-widget-heading\" data-id=\"41fecba\" data-element_type=\"widget\" data-widget_type=\"heading.default\">\n\t\t\t\t<div class=\"elementor-widget-container\">\n\t\t\t<h2 class=\"elementor-heading-title elementor-size-default\">Palestrantes<\/h2>\t\t<\/div>\n\t\t\t\t<\/div>\n\t\t<div class=\"elementor-element elementor-element-cb09cf6 e-con-full e-flex e-con e-child\" data-id=\"cb09cf6\" data-element_type=\"container\">\n\t\t\t\t<div class=\"elementor-element elementor-element-58e6c3b bio-event-tagline elementor-widget elementor-widget-heading\" data-id=\"58e6c3b\" data-element_type=\"widget\" data-widget_type=\"heading.default\">\n\t\t\t\t<div class=\"elementor-widget-container\">\n\t\t\t<p class=\"elementor-heading-title elementor-size-default\">Painel 1<\/p>\t\t<\/div>\n\t\t\t\t<\/div>\n\t\t\t\t<div class=\"elementor-element elementor-element-2bcc94f bio-event-title elementor-widget elementor-widget-heading\" data-id=\"2bcc94f\" data-element_type=\"widget\" data-widget_type=\"heading.default\">\n\t\t\t\t<div class=\"elementor-widget-container\">\n\t\t\t<h3 class=\"elementor-heading-title elementor-size-default\">Declara\u00e7\u00f5es e Garantias em Contratos de M&A<\/h3>\t\t<\/div>\n\t\t\t\t<\/div>\n\t\t<div class=\"elementor-element elementor-element-daba00c e-con-full e-flex e-con e-child\" data-id=\"daba00c\" data-element_type=\"container\">\n\t\t<div class=\"elementor-element elementor-element-5a5a596 e-con-full bio-content-wrapper e-flex e-con e-child\" data-id=\"5a5a596\" data-element_type=\"container\" data-settings=\"{&quot;background_background&quot;:&quot;classic&quot;}\">\n\t\t\t\t<div class=\"elementor-element elementor-element-14668dd elementor-widget elementor-widget-image\" data-id=\"14668dd\" data-element_type=\"widget\" data-widget_type=\"image.default\">\n\t\t\t\t<div class=\"elementor-widget-container\">\n\t\t\t\t\t\t\t\t\t\t\t\t\t<img fetchpriority=\"high\" decoding=\"async\" width=\"400\" height=\"500\" src=\"https:\/\/eventos.idsa.org.br\/idip\/wp-content\/uploads\/2024\/07\/guilherme_setoguti.jpg\" class=\"attachment-full size-full wp-image-866\" alt=\"Guilherme Setoguti\" srcset=\"https:\/\/eventos.idsa.org.br\/idip\/wp-content\/uploads\/2024\/07\/guilherme_setoguti.jpg 400w, https:\/\/eventos.idsa.org.br\/idip\/wp-content\/uploads\/2024\/07\/guilherme_setoguti-240x300.jpg 240w\" sizes=\"(max-width: 400px) 100vw, 400px\" \/>\t\t\t\t\t\t\t\t\t\t\t\t\t<\/div>\n\t\t\t\t<\/div>\n\t\t<div class=\"elementor-element elementor-element-264099f e-con-full e-flex e-con e-child\" data-id=\"264099f\" data-element_type=\"container\" data-settings=\"{&quot;background_background&quot;:&quot;classic&quot;}\">\n\t\t\t\t<div class=\"elementor-element elementor-element-ec0814a elementor-widget elementor-widget-heading\" data-id=\"ec0814a\" data-element_type=\"widget\" data-widget_type=\"heading.default\">\n\t\t\t\t<div class=\"elementor-widget-container\">\n\t\t\t<h4 class=\"elementor-heading-title elementor-size-default\">Guilherme Setoguti<\/h4>\t\t<\/div>\n\t\t\t\t<\/div>\n\t\t\t\t<div class=\"elementor-element elementor-element-477d3b6 elementor-widget elementor-widget-heading\" data-id=\"477d3b6\" data-element_type=\"widget\" data-widget_type=\"heading.default\">\n\t\t\t\t<div class=\"elementor-widget-container\">\n\t\t\t<div class=\"elementor-heading-title elementor-size-default\">Moderador<\/div>\t\t<\/div>\n\t\t\t\t<\/div>\n\t\t\t\t<div class=\"elementor-element elementor-element-2a8ae85 remove-mb bio-card-description elementor-widget elementor-widget-text-editor\" data-id=\"2a8ae85\" data-element_type=\"widget\" data-widget_type=\"text-editor.default\">\n\t\t\t\t<div class=\"elementor-widget-container\">\n\t\t\t<style>\/*! elementor - v3.23.0 - 25-07-2024 *\/\n.elementor-widget-text-editor.elementor-drop-cap-view-stacked .elementor-drop-cap{background-color:#69727d;color:#fff}.elementor-widget-text-editor.elementor-drop-cap-view-framed .elementor-drop-cap{color:#69727d;border:3px solid;background-color:transparent}.elementor-widget-text-editor:not(.elementor-drop-cap-view-default) .elementor-drop-cap{margin-top:8px}.elementor-widget-text-editor:not(.elementor-drop-cap-view-default) .elementor-drop-cap-letter{width:1em;height:1em}.elementor-widget-text-editor .elementor-drop-cap{float:left;text-align:center;line-height:1;font-size:50px}.elementor-widget-text-editor .elementor-drop-cap-letter{display:inline-block}<\/style>\t\t\t\t<p>Doutor, Mestre e Bacharel pela Faculdade de Direito da USP. Professor do Insper. Presidente da Associa\u00e7\u00e3o Brasileira de Special Situations e Litigation Finance. Presidente do IDSA \u2013 Instituto de Direito Societ\u00e1rio Aplicado. S\u00f3cio de Monteiro de Castro, Setoguti Advogados. <\/p>\t\t\t\t\t\t<\/div>\n\t\t\t\t<\/div>\n\t\t\t\t<\/div>\n\t\t\t\t<\/div>\n\t\t<div class=\"elementor-element elementor-element-a756b4a e-con-full bio-content-wrapper e-flex e-con e-child\" data-id=\"a756b4a\" data-element_type=\"container\" data-settings=\"{&quot;background_background&quot;:&quot;classic&quot;}\">\n\t\t\t\t<div class=\"elementor-element elementor-element-90ed6d2 elementor-widget elementor-widget-image\" data-id=\"90ed6d2\" data-element_type=\"widget\" data-widget_type=\"image.default\">\n\t\t\t\t<div class=\"elementor-widget-container\">\n\t\t\t<style>\/*! elementor - v3.23.0 - 25-07-2024 *\/\n.elementor-widget-image{text-align:center}.elementor-widget-image a{display:inline-block}.elementor-widget-image a img[src$=\".svg\"]{width:48px}.elementor-widget-image img{vertical-align:middle;display:inline-block}<\/style>\t\t\t\t\t\t\t\t\t\t<img decoding=\"async\" width=\"400\" height=\"500\" src=\"https:\/\/eventos.idsa.org.br\/idip\/wp-content\/uploads\/2024\/07\/fernanda_mysnarski_martins_costa.jpg\" class=\"attachment-full size-full wp-image-860\" alt=\"Fernanda Martins-Costa\" srcset=\"https:\/\/eventos.idsa.org.br\/idip\/wp-content\/uploads\/2024\/07\/fernanda_mysnarski_martins_costa.jpg 400w, https:\/\/eventos.idsa.org.br\/idip\/wp-content\/uploads\/2024\/07\/fernanda_mysnarski_martins_costa-240x300.jpg 240w\" sizes=\"(max-width: 400px) 100vw, 400px\" \/>\t\t\t\t\t\t\t\t\t\t\t\t\t<\/div>\n\t\t\t\t<\/div>\n\t\t<div class=\"elementor-element elementor-element-ddd6570 e-con-full e-flex e-con e-child\" data-id=\"ddd6570\" data-element_type=\"container\" data-settings=\"{&quot;background_background&quot;:&quot;classic&quot;}\">\n\t\t\t\t<div class=\"elementor-element elementor-element-b0c1703 elementor-widget elementor-widget-heading\" data-id=\"b0c1703\" data-element_type=\"widget\" data-widget_type=\"heading.default\">\n\t\t\t\t<div class=\"elementor-widget-container\">\n\t\t\t<style>\/*! elementor - v3.23.0 - 25-07-2024 *\/\n.elementor-heading-title{padding:0;margin:0;line-height:1}.elementor-widget-heading .elementor-heading-title[class*=elementor-size-]>a{color:inherit;font-size:inherit;line-height:inherit}.elementor-widget-heading .elementor-heading-title.elementor-size-small{font-size:15px}.elementor-widget-heading .elementor-heading-title.elementor-size-medium{font-size:19px}.elementor-widget-heading .elementor-heading-title.elementor-size-large{font-size:29px}.elementor-widget-heading .elementor-heading-title.elementor-size-xl{font-size:39px}.elementor-widget-heading .elementor-heading-title.elementor-size-xxl{font-size:59px}<\/style><h4 class=\"elementor-heading-title elementor-size-default\">Fernanda Mysnarski Martins Costa<\/h4>\t\t<\/div>\n\t\t\t\t<\/div>\n\t\t\t\t<div class=\"elementor-element elementor-element-ac56791 remove-mb bio-card-description elementor-widget elementor-widget-text-editor\" data-id=\"ac56791\" data-element_type=\"widget\" data-widget_type=\"text-editor.default\">\n\t\t\t\t<div class=\"elementor-widget-container\">\n\t\t\t<style>\/*! elementor - v3.23.0 - 25-07-2024 *\/\n.elementor-widget-text-editor.elementor-drop-cap-view-stacked .elementor-drop-cap{background-color:#69727d;color:#fff}.elementor-widget-text-editor.elementor-drop-cap-view-framed .elementor-drop-cap{color:#69727d;border:3px solid;background-color:transparent}.elementor-widget-text-editor:not(.elementor-drop-cap-view-default) .elementor-drop-cap{margin-top:8px}.elementor-widget-text-editor:not(.elementor-drop-cap-view-default) .elementor-drop-cap-letter{width:1em;height:1em}.elementor-widget-text-editor .elementor-drop-cap{float:left;text-align:center;line-height:1;font-size:50px}.elementor-widget-text-editor .elementor-drop-cap-letter{display:inline-block}<\/style>\t\t\t\t<p>Doutora em Direito Comercial pela USP. Mestre em Direito Civil pela UERJ. Membro do Instituto de Estudos Culturalistas. Parecerista e s\u00f3cia do escrit\u00f3rio Judith Martins-Costa Advogados.<\/p>\t\t\t\t\t\t<\/div>\n\t\t\t\t<\/div>\n\t\t\t\t<\/div>\n\t\t\t\t<\/div>\n\t\t<div class=\"elementor-element elementor-element-320a3f4 e-con-full bio-content-wrapper e-flex e-con e-child\" data-id=\"320a3f4\" data-element_type=\"container\" data-settings=\"{&quot;background_background&quot;:&quot;classic&quot;}\">\n\t\t\t\t<div class=\"elementor-element elementor-element-48cdfc4 elementor-widget elementor-widget-image\" data-id=\"48cdfc4\" data-element_type=\"widget\" data-widget_type=\"image.default\">\n\t\t\t\t<div class=\"elementor-widget-container\">\n\t\t\t\t\t\t\t\t\t\t\t\t\t<img decoding=\"async\" width=\"400\" height=\"500\" src=\"https:\/\/eventos.idsa.org.br\/idip\/wp-content\/uploads\/2024\/07\/lie_uema_carmo.jpg\" class=\"attachment-full size-full wp-image-870\" alt=\"Lie Uema do Carmo\" srcset=\"https:\/\/eventos.idsa.org.br\/idip\/wp-content\/uploads\/2024\/07\/lie_uema_carmo.jpg 400w, https:\/\/eventos.idsa.org.br\/idip\/wp-content\/uploads\/2024\/07\/lie_uema_carmo-240x300.jpg 240w\" sizes=\"(max-width: 400px) 100vw, 400px\" \/>\t\t\t\t\t\t\t\t\t\t\t\t\t<\/div>\n\t\t\t\t<\/div>\n\t\t<div class=\"elementor-element elementor-element-80a20b7 e-con-full e-flex e-con e-child\" data-id=\"80a20b7\" data-element_type=\"container\" data-settings=\"{&quot;background_background&quot;:&quot;classic&quot;}\">\n\t\t\t\t<div class=\"elementor-element elementor-element-6c83a4a elementor-widget elementor-widget-heading\" data-id=\"6c83a4a\" data-element_type=\"widget\" data-widget_type=\"heading.default\">\n\t\t\t\t<div class=\"elementor-widget-container\">\n\t\t\t<h4 class=\"elementor-heading-title elementor-size-default\">Lie Uema do Carmo<\/h4>\t\t<\/div>\n\t\t\t\t<\/div>\n\t\t\t\t<div class=\"elementor-element elementor-element-41c5931 remove-mb bio-card-description elementor-widget elementor-widget-text-editor\" data-id=\"41c5931\" data-element_type=\"widget\" data-widget_type=\"text-editor.default\">\n\t\t\t\t<div class=\"elementor-widget-container\">\n\t\t\t\t\t\t\t<p>Professora da FGV Direito SP, \u00e1rbitra e parecerista. Doutora em Direito Comercial (USP). LL.M. (University of Chicago). Mestre em Direito Civil (PUC\/SP).<\/p>\t\t\t\t\t\t<\/div>\n\t\t\t\t<\/div>\n\t\t\t\t<\/div>\n\t\t\t\t<\/div>\n\t\t<div class=\"elementor-element elementor-element-a0645a1 e-con-full bio-content-wrapper e-flex e-con e-child\" data-id=\"a0645a1\" data-element_type=\"container\" data-settings=\"{&quot;background_background&quot;:&quot;classic&quot;}\">\n\t\t\t\t<div class=\"elementor-element elementor-element-27672d5 elementor-widget elementor-widget-image\" data-id=\"27672d5\" data-element_type=\"widget\" data-widget_type=\"image.default\">\n\t\t\t\t<div class=\"elementor-widget-container\">\n\t\t\t\t\t\t\t\t\t\t\t\t\t<img loading=\"lazy\" decoding=\"async\" width=\"400\" height=\"500\" src=\"https:\/\/eventos.idsa.org.br\/idip\/wp-content\/uploads\/2024\/07\/marcelo_guedes_nunes.jpg\" class=\"attachment-full size-full wp-image-872\" alt=\"Marcelo Guedes Nunes\" srcset=\"https:\/\/eventos.idsa.org.br\/idip\/wp-content\/uploads\/2024\/07\/marcelo_guedes_nunes.jpg 400w, https:\/\/eventos.idsa.org.br\/idip\/wp-content\/uploads\/2024\/07\/marcelo_guedes_nunes-240x300.jpg 240w\" sizes=\"(max-width: 400px) 100vw, 400px\" \/>\t\t\t\t\t\t\t\t\t\t\t\t\t<\/div>\n\t\t\t\t<\/div>\n\t\t<div class=\"elementor-element elementor-element-0e1079d e-con-full e-flex e-con e-child\" data-id=\"0e1079d\" data-element_type=\"container\" data-settings=\"{&quot;background_background&quot;:&quot;classic&quot;}\">\n\t\t\t\t<div class=\"elementor-element elementor-element-7a0ee86 elementor-widget elementor-widget-heading\" data-id=\"7a0ee86\" data-element_type=\"widget\" data-widget_type=\"heading.default\">\n\t\t\t\t<div class=\"elementor-widget-container\">\n\t\t\t<h4 class=\"elementor-heading-title elementor-size-default\">Marcelo Guedes Nunes<\/h4>\t\t<\/div>\n\t\t\t\t<\/div>\n\t\t\t\t<div class=\"elementor-element elementor-element-c12ba6b remove-mb bio-card-description elementor-widget elementor-widget-text-editor\" data-id=\"c12ba6b\" data-element_type=\"widget\" data-widget_type=\"text-editor.default\">\n\t\t\t\t<div class=\"elementor-widget-container\">\n\t\t\t\t\t\t\t<p>Professor de Direito Comercial e de Direito e Tecnologia da Faculdade de Direito da Pontif\u00edcia Universidade Cat\u00f3lica de S\u00e3o Paulo &#8211; PUCSP e advogado. <\/p>\t\t\t\t\t\t<\/div>\n\t\t\t\t<\/div>\n\t\t\t\t<div class=\"elementor-element elementor-element-96192b8 bio-link elementor-widget elementor-widget-heading\" data-id=\"96192b8\" data-element_type=\"widget\" data-widget_type=\"heading.default\">\n\t\t\t\t<div class=\"elementor-widget-container\">\n\t\t\t<p class=\"elementor-heading-title elementor-size-default\"><a href=\"#elementor-action%3Aaction%3Dpopup%3Aopen%26settings%3DeyJpZCI6IjE2MDAiLCJ0b2dnbGUiOmZhbHNlfQ%3D%3D\">+ Bio<\/a><\/p>\t\t<\/div>\n\t\t\t\t<\/div>\n\t\t\t\t<\/div>\n\t\t\t\t<\/div>\n\t\t<div class=\"elementor-element elementor-element-4cdb5e1 e-con-full bio-content-wrapper e-flex e-con e-child\" data-id=\"4cdb5e1\" data-element_type=\"container\" data-settings=\"{&quot;background_background&quot;:&quot;classic&quot;}\">\n\t\t\t\t<div class=\"elementor-element elementor-element-4a5e4f6 elementor-widget elementor-widget-image\" data-id=\"4a5e4f6\" data-element_type=\"widget\" data-widget_type=\"image.default\">\n\t\t\t\t<div class=\"elementor-widget-container\">\n\t\t\t\t\t\t\t\t\t\t\t\t\t<img loading=\"lazy\" decoding=\"async\" width=\"400\" height=\"500\" src=\"https:\/\/eventos.idsa.org.br\/idip\/wp-content\/uploads\/2024\/07\/nelson_eizirik.jpg\" class=\"attachment-full size-full wp-image-875\" alt=\"Nelson Eizirik\" srcset=\"https:\/\/eventos.idsa.org.br\/idip\/wp-content\/uploads\/2024\/07\/nelson_eizirik.jpg 400w, https:\/\/eventos.idsa.org.br\/idip\/wp-content\/uploads\/2024\/07\/nelson_eizirik-240x300.jpg 240w\" sizes=\"(max-width: 400px) 100vw, 400px\" \/>\t\t\t\t\t\t\t\t\t\t\t\t\t<\/div>\n\t\t\t\t<\/div>\n\t\t<div class=\"elementor-element elementor-element-db509cc e-con-full e-flex e-con e-child\" data-id=\"db509cc\" data-element_type=\"container\" data-settings=\"{&quot;background_background&quot;:&quot;classic&quot;}\">\n\t\t\t\t<div class=\"elementor-element elementor-element-10a7037 elementor-widget elementor-widget-heading\" data-id=\"10a7037\" data-element_type=\"widget\" data-widget_type=\"heading.default\">\n\t\t\t\t<div class=\"elementor-widget-container\">\n\t\t\t<h4 class=\"elementor-heading-title elementor-size-default\">Nelson Eizirik<\/h4>\t\t<\/div>\n\t\t\t\t<\/div>\n\t\t\t\t<div class=\"elementor-element elementor-element-f721afa remove-mb bio-card-description elementor-widget elementor-widget-text-editor\" data-id=\"f721afa\" data-element_type=\"widget\" data-widget_type=\"text-editor.default\">\n\t\t\t\t<div class=\"elementor-widget-container\">\n\t\t\t\t\t\t\t<p>Advogado, parecerista e \u00e1rbitro. Professor da Escola de Direito da FGV-RJ.<\/p>\t\t\t\t\t\t<\/div>\n\t\t\t\t<\/div>\n\t\t\t\t<\/div>\n\t\t\t\t<\/div>\n\t\t\t\t<\/div>\n\t\t\t\t<\/div>\n\t\t<div class=\"elementor-element elementor-element-d7d58c6 e-con-full e-flex e-con e-child\" data-id=\"d7d58c6\" data-element_type=\"container\">\n\t\t\t\t<div class=\"elementor-element elementor-element-238dca0 bio-event-tagline elementor-widget elementor-widget-heading\" data-id=\"238dca0\" data-element_type=\"widget\" data-widget_type=\"heading.default\">\n\t\t\t\t<div class=\"elementor-widget-container\">\n\t\t\t<p class=\"elementor-heading-title elementor-size-default\">Painel 2<\/p>\t\t<\/div>\n\t\t\t\t<\/div>\n\t\t\t\t<div class=\"elementor-element elementor-element-8fb0230 bio-event-title elementor-widget elementor-widget-heading\" data-id=\"8fb0230\" data-element_type=\"widget\" data-widget_type=\"heading.default\">\n\t\t\t\t<div class=\"elementor-widget-container\">\n\t\t\t<h3 class=\"elementor-heading-title elementor-size-default\">Cl\u00e1usulas Contratuais e Disputas de M&A: sole remedy, entendimento integral, best efforts, best knowledge<\/h3>\t\t<\/div>\n\t\t\t\t<\/div>\n\t\t<div class=\"elementor-element elementor-element-48bb831 e-con-full e-flex e-con e-child\" data-id=\"48bb831\" data-element_type=\"container\">\n\t\t<div class=\"elementor-element elementor-element-24ef014 e-con-full bio-content-wrapper e-flex e-con e-child\" data-id=\"24ef014\" data-element_type=\"container\" data-settings=\"{&quot;background_background&quot;:&quot;classic&quot;}\">\n\t\t\t\t<div class=\"elementor-element elementor-element-8a57922 elementor-widget elementor-widget-image\" data-id=\"8a57922\" data-element_type=\"widget\" data-widget_type=\"image.default\">\n\t\t\t\t<div class=\"elementor-widget-container\">\n\t\t\t\t\t\t\t\t\t\t\t\t\t<img loading=\"lazy\" decoding=\"async\" width=\"400\" height=\"500\" src=\"https:\/\/eventos.idsa.org.br\/idip\/wp-content\/uploads\/2024\/07\/laura-patella.jpg\" class=\"attachment-full size-full wp-image-869\" alt=\"Laura Patella\" srcset=\"https:\/\/eventos.idsa.org.br\/idip\/wp-content\/uploads\/2024\/07\/laura-patella.jpg 400w, https:\/\/eventos.idsa.org.br\/idip\/wp-content\/uploads\/2024\/07\/laura-patella-240x300.jpg 240w\" sizes=\"(max-width: 400px) 100vw, 400px\" \/>\t\t\t\t\t\t\t\t\t\t\t\t\t<\/div>\n\t\t\t\t<\/div>\n\t\t<div class=\"elementor-element elementor-element-c790c49 e-con-full e-flex e-con e-child\" data-id=\"c790c49\" data-element_type=\"container\" data-settings=\"{&quot;background_background&quot;:&quot;classic&quot;}\">\n\t\t\t\t<div class=\"elementor-element elementor-element-5333f58 elementor-widget elementor-widget-heading\" data-id=\"5333f58\" data-element_type=\"widget\" data-widget_type=\"heading.default\">\n\t\t\t\t<div class=\"elementor-widget-container\">\n\t\t\t<h4 class=\"elementor-heading-title elementor-size-default\">Laura Patella<\/h4>\t\t<\/div>\n\t\t\t\t<\/div>\n\t\t\t\t<div class=\"elementor-element elementor-element-dc0b1c4 elementor-widget elementor-widget-heading\" data-id=\"dc0b1c4\" data-element_type=\"widget\" data-widget_type=\"heading.default\">\n\t\t\t\t<div class=\"elementor-widget-container\">\n\t\t\t<div class=\"elementor-heading-title elementor-size-default\">Moderadora<\/div>\t\t<\/div>\n\t\t\t\t<\/div>\n\t\t\t\t<div class=\"elementor-element elementor-element-1708983 remove-mb bio-card-description elementor-widget elementor-widget-text-editor\" data-id=\"1708983\" data-element_type=\"widget\" data-widget_type=\"text-editor.default\">\n\t\t\t\t<div class=\"elementor-widget-container\">\n\t\t\t\t\t\t\t<p>Advogada. S\u00f3cia do escrit\u00f3rio E.Munhoz Sociedade de Advogados. <\/p>\t\t\t\t\t\t<\/div>\n\t\t\t\t<\/div>\n\t\t\t\t<div class=\"elementor-element elementor-element-7e5f18f bio-link elementor-widget elementor-widget-heading\" data-id=\"7e5f18f\" data-element_type=\"widget\" data-widget_type=\"heading.default\">\n\t\t\t\t<div class=\"elementor-widget-container\">\n\t\t\t<p class=\"elementor-heading-title elementor-size-default\"><a href=\"#elementor-action%3Aaction%3Dpopup%3Aopen%26settings%3DeyJpZCI6IjE1NzkiLCJ0b2dnbGUiOmZhbHNlfQ%3D%3D\">+ Bio<\/a><\/p>\t\t<\/div>\n\t\t\t\t<\/div>\n\t\t\t\t<\/div>\n\t\t\t\t<\/div>\n\t\t<div class=\"elementor-element elementor-element-4fc1ebc e-con-full bio-content-wrapper e-flex e-con e-child\" data-id=\"4fc1ebc\" data-element_type=\"container\" data-settings=\"{&quot;background_background&quot;:&quot;classic&quot;}\">\n\t\t\t\t<div class=\"elementor-element elementor-element-d6f9d85 elementor-widget elementor-widget-image\" data-id=\"d6f9d85\" data-element_type=\"widget\" data-widget_type=\"image.default\">\n\t\t\t\t<div class=\"elementor-widget-container\">\n\t\t\t\t\t\t\t\t\t\t\t\t\t<img loading=\"lazy\" decoding=\"async\" width=\"400\" height=\"500\" src=\"https:\/\/eventos.idsa.org.br\/idip\/wp-content\/uploads\/2024\/07\/catarina_monteiro_pires.jpg\" class=\"attachment-full size-full wp-image-856\" alt=\"Catarina Monteiro Pires\" srcset=\"https:\/\/eventos.idsa.org.br\/idip\/wp-content\/uploads\/2024\/07\/catarina_monteiro_pires.jpg 400w, https:\/\/eventos.idsa.org.br\/idip\/wp-content\/uploads\/2024\/07\/catarina_monteiro_pires-240x300.jpg 240w\" sizes=\"(max-width: 400px) 100vw, 400px\" \/>\t\t\t\t\t\t\t\t\t\t\t\t\t<\/div>\n\t\t\t\t<\/div>\n\t\t<div class=\"elementor-element elementor-element-6af0baa e-con-full e-flex e-con e-child\" data-id=\"6af0baa\" data-element_type=\"container\" data-settings=\"{&quot;background_background&quot;:&quot;classic&quot;}\">\n\t\t\t\t<div class=\"elementor-element elementor-element-7e56009 elementor-widget elementor-widget-heading\" data-id=\"7e56009\" data-element_type=\"widget\" data-widget_type=\"heading.default\">\n\t\t\t\t<div class=\"elementor-widget-container\">\n\t\t\t<h4 class=\"elementor-heading-title elementor-size-default\">Catarina Monteiro Pires<\/h4>\t\t<\/div>\n\t\t\t\t<\/div>\n\t\t\t\t<div class=\"elementor-element elementor-element-ad54ab9 remove-mb bio-card-description elementor-widget elementor-widget-text-editor\" data-id=\"ad54ab9\" data-element_type=\"widget\" data-widget_type=\"text-editor.default\">\n\t\t\t\t<div class=\"elementor-widget-container\">\n\t\t\t\t\t\t\t<p>\u00c9 Professora da Faculdade de Direito da Universidade de Lisboa.<\/p>\t\t\t\t\t\t<\/div>\n\t\t\t\t<\/div>\n\t\t\t\t<div class=\"elementor-element elementor-element-7e3579c bio-link elementor-widget elementor-widget-heading\" data-id=\"7e3579c\" data-element_type=\"widget\" data-widget_type=\"heading.default\">\n\t\t\t\t<div class=\"elementor-widget-container\">\n\t\t\t<p class=\"elementor-heading-title elementor-size-default\"><a href=\"#elementor-action%3Aaction%3Dpopup%3Aopen%26settings%3DeyJpZCI6Ijc3OSIsInRvZ2dsZSI6ZmFsc2V9\">+ Bio<\/a><\/p>\t\t<\/div>\n\t\t\t\t<\/div>\n\t\t\t\t<\/div>\n\t\t\t\t<\/div>\n\t\t<div class=\"elementor-element elementor-element-081a410 e-con-full bio-content-wrapper e-flex e-con e-child\" data-id=\"081a410\" data-element_type=\"container\" data-settings=\"{&quot;background_background&quot;:&quot;classic&quot;}\">\n\t\t\t\t<div class=\"elementor-element elementor-element-921e831 elementor-widget elementor-widget-image\" data-id=\"921e831\" data-element_type=\"widget\" data-widget_type=\"image.default\">\n\t\t\t\t<div class=\"elementor-widget-container\">\n\t\t\t\t\t\t\t\t\t\t\t\t\t<img loading=\"lazy\" decoding=\"async\" width=\"400\" height=\"500\" src=\"https:\/\/eventos.idsa.org.br\/idip\/wp-content\/uploads\/2024\/07\/gabriel_buschinelli.jpg\" class=\"attachment-full size-full wp-image-862\" alt=\"Gabriel Buschinelli\" srcset=\"https:\/\/eventos.idsa.org.br\/idip\/wp-content\/uploads\/2024\/07\/gabriel_buschinelli.jpg 400w, https:\/\/eventos.idsa.org.br\/idip\/wp-content\/uploads\/2024\/07\/gabriel_buschinelli-240x300.jpg 240w\" sizes=\"(max-width: 400px) 100vw, 400px\" \/>\t\t\t\t\t\t\t\t\t\t\t\t\t<\/div>\n\t\t\t\t<\/div>\n\t\t<div class=\"elementor-element elementor-element-0547d51 e-con-full e-flex e-con e-child\" data-id=\"0547d51\" data-element_type=\"container\" data-settings=\"{&quot;background_background&quot;:&quot;classic&quot;}\">\n\t\t\t\t<div class=\"elementor-element elementor-element-039fe73 elementor-widget elementor-widget-heading\" data-id=\"039fe73\" data-element_type=\"widget\" data-widget_type=\"heading.default\">\n\t\t\t\t<div class=\"elementor-widget-container\">\n\t\t\t<h4 class=\"elementor-heading-title elementor-size-default\">Gabriel Buschinelli<\/h4>\t\t<\/div>\n\t\t\t\t<\/div>\n\t\t\t\t<div class=\"elementor-element elementor-element-8c3610e remove-mb bio-card-description elementor-widget elementor-widget-text-editor\" data-id=\"8c3610e\" data-element_type=\"widget\" data-widget_type=\"text-editor.default\">\n\t\t\t\t<div class=\"elementor-widget-container\">\n\t\t\t\t\t\t\t<p>Diretor de Programa da Secretaria de Reformas Econ\u00f4micas do Minist\u00e9rio da Fazenda. Professor do Insper. Doutor e Mestre em Direito Comercial pela USP.<\/p>\t\t\t\t\t\t<\/div>\n\t\t\t\t<\/div>\n\t\t\t\t<\/div>\n\t\t\t\t<\/div>\n\t\t<div class=\"elementor-element elementor-element-eb283f8 e-con-full bio-content-wrapper e-flex e-con e-child\" data-id=\"eb283f8\" data-element_type=\"container\" data-settings=\"{&quot;background_background&quot;:&quot;classic&quot;}\">\n\t\t\t\t<div class=\"elementor-element elementor-element-d4ac895 elementor-widget elementor-widget-image\" data-id=\"d4ac895\" data-element_type=\"widget\" data-widget_type=\"image.default\">\n\t\t\t\t<div class=\"elementor-widget-container\">\n\t\t\t\t\t\t\t\t\t\t\t\t\t<img loading=\"lazy\" decoding=\"async\" width=\"400\" height=\"500\" src=\"https:\/\/eventos.idsa.org.br\/idip\/wp-content\/uploads\/2024\/07\/guilherme_nitschke.jpg\" class=\"attachment-full size-full wp-image-865\" alt=\"Guilherme Nitschke\" srcset=\"https:\/\/eventos.idsa.org.br\/idip\/wp-content\/uploads\/2024\/07\/guilherme_nitschke.jpg 400w, https:\/\/eventos.idsa.org.br\/idip\/wp-content\/uploads\/2024\/07\/guilherme_nitschke-240x300.jpg 240w\" sizes=\"(max-width: 400px) 100vw, 400px\" \/>\t\t\t\t\t\t\t\t\t\t\t\t\t<\/div>\n\t\t\t\t<\/div>\n\t\t<div class=\"elementor-element elementor-element-bdb9a12 e-con-full e-flex e-con e-child\" data-id=\"bdb9a12\" data-element_type=\"container\" data-settings=\"{&quot;background_background&quot;:&quot;classic&quot;}\">\n\t\t\t\t<div class=\"elementor-element elementor-element-bc98b04 elementor-widget elementor-widget-heading\" data-id=\"bc98b04\" data-element_type=\"widget\" data-widget_type=\"heading.default\">\n\t\t\t\t<div class=\"elementor-widget-container\">\n\t\t\t<h4 class=\"elementor-heading-title elementor-size-default\">Guilherme Nitschke<\/h4>\t\t<\/div>\n\t\t\t\t<\/div>\n\t\t\t\t<div class=\"elementor-element elementor-element-6dcc101 remove-mb bio-card-description elementor-widget elementor-widget-text-editor\" data-id=\"6dcc101\" data-element_type=\"widget\" data-widget_type=\"text-editor.default\">\n\t\t\t\t<div class=\"elementor-widget-container\">\n\t\t\t\t\t\t\t<p>Doutor em Direito Civil pela USP, Vice-Presidente do CBAr, S\u00f3cio de Contencioso e Arbitragem em TozziniFreire Advogados, advogado, \u00e1rbitro e parecerista.<\/p>\t\t\t\t\t\t<\/div>\n\t\t\t\t<\/div>\n\t\t\t\t<\/div>\n\t\t\t\t<\/div>\n\t\t<div class=\"elementor-element elementor-element-8ba1caf e-con-full bio-content-wrapper e-flex e-con e-child\" data-id=\"8ba1caf\" data-element_type=\"container\" data-settings=\"{&quot;background_background&quot;:&quot;classic&quot;}\">\n\t\t\t\t<div class=\"elementor-element elementor-element-18fe0ef elementor-widget elementor-widget-image\" data-id=\"18fe0ef\" data-element_type=\"widget\" data-widget_type=\"image.default\">\n\t\t\t\t<div class=\"elementor-widget-container\">\n\t\t\t\t\t\t\t\t\t\t\t\t\t<img loading=\"lazy\" decoding=\"async\" width=\"400\" height=\"500\" src=\"https:\/\/eventos.idsa.org.br\/idip\/wp-content\/uploads\/2024\/07\/pablo_renteria.jpg\" class=\"attachment-full size-full wp-image-855\" alt=\"Pablo Renteria\" srcset=\"https:\/\/eventos.idsa.org.br\/idip\/wp-content\/uploads\/2024\/07\/pablo_renteria.jpg 400w, https:\/\/eventos.idsa.org.br\/idip\/wp-content\/uploads\/2024\/07\/pablo_renteria-240x300.jpg 240w\" sizes=\"(max-width: 400px) 100vw, 400px\" \/>\t\t\t\t\t\t\t\t\t\t\t\t\t<\/div>\n\t\t\t\t<\/div>\n\t\t<div class=\"elementor-element elementor-element-e48c8b8 e-con-full e-flex e-con e-child\" data-id=\"e48c8b8\" data-element_type=\"container\" data-settings=\"{&quot;background_background&quot;:&quot;classic&quot;}\">\n\t\t\t\t<div class=\"elementor-element elementor-element-46df7a3 elementor-widget elementor-widget-heading\" data-id=\"46df7a3\" data-element_type=\"widget\" data-widget_type=\"heading.default\">\n\t\t\t\t<div class=\"elementor-widget-container\">\n\t\t\t<h4 class=\"elementor-heading-title elementor-size-default\">Pablo Renteria<\/h4>\t\t<\/div>\n\t\t\t\t<\/div>\n\t\t\t\t<div class=\"elementor-element elementor-element-0cc6a54 remove-mb bio-card-description elementor-widget elementor-widget-text-editor\" data-id=\"0cc6a54\" data-element_type=\"widget\" data-widget_type=\"text-editor.default\">\n\t\t\t\t<div class=\"elementor-widget-container\">\n\t\t\t\t\t\t\t<p>Pablo Renteria \u00e9 s\u00f3cio fundador do escrit\u00f3rio Renteria Advogados.\u00a0<\/p>\t\t\t\t\t\t<\/div>\n\t\t\t\t<\/div>\n\t\t\t\t<div class=\"elementor-element elementor-element-b304f7b bio-link elementor-widget elementor-widget-heading\" data-id=\"b304f7b\" data-element_type=\"widget\" data-widget_type=\"heading.default\">\n\t\t\t\t<div class=\"elementor-widget-container\">\n\t\t\t<p class=\"elementor-heading-title elementor-size-default\"><a href=\"#elementor-action%3Aaction%3Dpopup%3Aopen%26settings%3DeyJpZCI6Ijc0MSIsInRvZ2dsZSI6ZmFsc2V9\">+ Bio<\/a><\/p>\t\t<\/div>\n\t\t\t\t<\/div>\n\t\t\t\t<\/div>\n\t\t\t\t<\/div>\n\t\t\t\t<\/div>\n\t\t\t\t<\/div>\n\t\t<div class=\"elementor-element elementor-element-eacd608 e-con-full e-flex e-con e-child\" data-id=\"eacd608\" data-element_type=\"container\">\n\t\t\t\t<div class=\"elementor-element elementor-element-93f0f5e bio-event-tagline elementor-widget elementor-widget-heading\" data-id=\"93f0f5e\" data-element_type=\"widget\" data-widget_type=\"heading.default\">\n\t\t\t\t<div class=\"elementor-widget-container\">\n\t\t\t<div class=\"elementor-heading-title elementor-size-default\">Painel 3<\/div>\t\t<\/div>\n\t\t\t\t<\/div>\n\t\t\t\t<div class=\"elementor-element elementor-element-ed759ea bio-event-title elementor-widget elementor-widget-heading\" data-id=\"ed759ea\" data-element_type=\"widget\" data-widget_type=\"heading.default\">\n\t\t\t\t<div class=\"elementor-widget-container\">\n\t\t\t<h3 class=\"elementor-heading-title elementor-size-default\">Condi\u00e7\u00f5es em contratos de M&A<\/h3>\t\t<\/div>\n\t\t\t\t<\/div>\n\t\t<div class=\"elementor-element elementor-element-7ab4e4d e-con-full e-flex e-con e-child\" data-id=\"7ab4e4d\" data-element_type=\"container\">\n\t\t<div class=\"elementor-element elementor-element-330a835 e-con-full bio-content-wrapper e-flex e-con e-child\" data-id=\"330a835\" data-element_type=\"container\" data-settings=\"{&quot;background_background&quot;:&quot;classic&quot;}\">\n\t\t\t\t<div class=\"elementor-element elementor-element-457849e elementor-widget elementor-widget-image\" data-id=\"457849e\" data-element_type=\"widget\" data-widget_type=\"image.default\">\n\t\t\t\t<div class=\"elementor-widget-container\">\n\t\t\t\t\t\t\t\t\t\t\t\t\t<img loading=\"lazy\" decoding=\"async\" width=\"400\" height=\"500\" src=\"https:\/\/eventos.idsa.org.br\/idip\/wp-content\/uploads\/2024\/07\/fabio_martins.jpg\" class=\"attachment-full size-full wp-image-859\" alt=\"Fabio Martins\" srcset=\"https:\/\/eventos.idsa.org.br\/idip\/wp-content\/uploads\/2024\/07\/fabio_martins.jpg 400w, https:\/\/eventos.idsa.org.br\/idip\/wp-content\/uploads\/2024\/07\/fabio_martins-240x300.jpg 240w\" sizes=\"(max-width: 400px) 100vw, 400px\" \/>\t\t\t\t\t\t\t\t\t\t\t\t\t<\/div>\n\t\t\t\t<\/div>\n\t\t<div class=\"elementor-element elementor-element-beb0757 e-con-full e-flex e-con e-child\" data-id=\"beb0757\" data-element_type=\"container\" data-settings=\"{&quot;background_background&quot;:&quot;classic&quot;}\">\n\t\t\t\t<div class=\"elementor-element elementor-element-7e9522c elementor-widget elementor-widget-heading\" data-id=\"7e9522c\" data-element_type=\"widget\" data-widget_type=\"heading.default\">\n\t\t\t\t<div class=\"elementor-widget-container\">\n\t\t\t<h4 class=\"elementor-heading-title elementor-size-default\">F\u00e1bio Floriano Melo Martins<\/h4>\t\t<\/div>\n\t\t\t\t<\/div>\n\t\t\t\t<div class=\"elementor-element elementor-element-0b57c1c elementor-widget elementor-widget-heading\" data-id=\"0b57c1c\" data-element_type=\"widget\" data-widget_type=\"heading.default\">\n\t\t\t\t<div class=\"elementor-widget-container\">\n\t\t\t<div class=\"elementor-heading-title elementor-size-default\">Moderador<\/div>\t\t<\/div>\n\t\t\t\t<\/div>\n\t\t\t\t<div class=\"elementor-element elementor-element-db6ba37 remove-mb bio-card-description elementor-widget elementor-widget-text-editor\" data-id=\"db6ba37\" data-element_type=\"widget\" data-widget_type=\"text-editor.default\">\n\t\t\t\t<div class=\"elementor-widget-container\">\n\t\t\t\t\t\t\tDoutorado e gradua\u00e7\u00e3o pela USP, mestrado pela Universit\u00e0 degli Studi di Roma \u201cTor Vergata\u201d. Professor do FGV Law e s\u00f3cio de Huck, Otranto, Camargo Advogados.\t\t\t\t\t\t<\/div>\n\t\t\t\t<\/div>\n\t\t\t\t<\/div>\n\t\t\t\t<\/div>\n\t\t<div class=\"elementor-element elementor-element-f418af4 e-con-full bio-content-wrapper e-flex e-con e-child\" data-id=\"f418af4\" data-element_type=\"container\">\n\t\t\t\t<div class=\"elementor-element elementor-element-fe4ce5e elementor-widget elementor-widget-image\" data-id=\"fe4ce5e\" data-element_type=\"widget\" data-widget_type=\"image.default\">\n\t\t\t\t<div class=\"elementor-widget-container\">\n\t\t\t\t\t\t\t\t\t\t\t\t\t<img loading=\"lazy\" decoding=\"async\" width=\"400\" height=\"500\" src=\"https:\/\/eventos.idsa.org.br\/idip\/wp-content\/uploads\/2024\/07\/giovana_benetti.jpg\" class=\"attachment-full size-full wp-image-863\" alt=\"Giovanna Benetti\" srcset=\"https:\/\/eventos.idsa.org.br\/idip\/wp-content\/uploads\/2024\/07\/giovana_benetti.jpg 400w, https:\/\/eventos.idsa.org.br\/idip\/wp-content\/uploads\/2024\/07\/giovana_benetti-240x300.jpg 240w\" sizes=\"(max-width: 400px) 100vw, 400px\" \/>\t\t\t\t\t\t\t\t\t\t\t\t\t<\/div>\n\t\t\t\t<\/div>\n\t\t<div class=\"elementor-element elementor-element-63babf1 e-con-full e-flex e-con e-child\" data-id=\"63babf1\" data-element_type=\"container\" data-settings=\"{&quot;background_background&quot;:&quot;classic&quot;}\">\n\t\t\t\t<div class=\"elementor-element elementor-element-5ce8fae elementor-widget elementor-widget-heading\" data-id=\"5ce8fae\" data-element_type=\"widget\" data-widget_type=\"heading.default\">\n\t\t\t\t<div class=\"elementor-widget-container\">\n\t\t\t<h4 class=\"elementor-heading-title elementor-size-default\">Giovanna Benetti<\/h4>\t\t<\/div>\n\t\t\t\t<\/div>\n\t\t\t\t<div class=\"elementor-element elementor-element-a58fae0 remove-mb bio-card-description elementor-widget elementor-widget-text-editor\" data-id=\"a58fae0\" data-element_type=\"widget\" data-widget_type=\"text-editor.default\">\n\t\t\t\t<div class=\"elementor-widget-container\">\n\t\t\t\t\t\t\tDoutora em Direito Civil pela USP. Professora do Departamento de Direito Privado da Universidade Federal do Rio Grande do Sul.\t\t\t\t\t\t<\/div>\n\t\t\t\t<\/div>\n\t\t\t\t<\/div>\n\t\t\t\t<\/div>\n\t\t<div class=\"elementor-element elementor-element-1c19bfc e-con-full bio-content-wrapper e-flex e-con e-child\" data-id=\"1c19bfc\" data-element_type=\"container\">\n\t\t\t\t<div class=\"elementor-element elementor-element-0b058ae elementor-widget elementor-widget-image\" data-id=\"0b058ae\" data-element_type=\"widget\" data-widget_type=\"image.default\">\n\t\t\t\t<div class=\"elementor-widget-container\">\n\t\t\t\t\t\t\t\t\t\t\t\t\t<img loading=\"lazy\" decoding=\"async\" width=\"400\" height=\"500\" src=\"https:\/\/eventos.idsa.org.br\/idip\/wp-content\/uploads\/2024\/07\/gisela_sampaio.jpg\" class=\"attachment-full size-full wp-image-864\" alt=\"Gisela Sampaio da Cruz Guedes\" srcset=\"https:\/\/eventos.idsa.org.br\/idip\/wp-content\/uploads\/2024\/07\/gisela_sampaio.jpg 400w, https:\/\/eventos.idsa.org.br\/idip\/wp-content\/uploads\/2024\/07\/gisela_sampaio-240x300.jpg 240w\" sizes=\"(max-width: 400px) 100vw, 400px\" \/>\t\t\t\t\t\t\t\t\t\t\t\t\t<\/div>\n\t\t\t\t<\/div>\n\t\t<div class=\"elementor-element elementor-element-d4e4d44 e-con-full e-flex e-con e-child\" data-id=\"d4e4d44\" data-element_type=\"container\" data-settings=\"{&quot;background_background&quot;:&quot;classic&quot;}\">\n\t\t\t\t<div class=\"elementor-element elementor-element-5bad4fd elementor-widget elementor-widget-heading\" data-id=\"5bad4fd\" data-element_type=\"widget\" data-widget_type=\"heading.default\">\n\t\t\t\t<div class=\"elementor-widget-container\">\n\t\t\t<h4 class=\"elementor-heading-title elementor-size-default\">Gisela Sampaio da Cruz Guedes<\/h4>\t\t<\/div>\n\t\t\t\t<\/div>\n\t\t\t\t<div class=\"elementor-element elementor-element-a8c90e7 remove-mb bio-card-description elementor-widget elementor-widget-text-editor\" data-id=\"a8c90e7\" data-element_type=\"widget\" data-widget_type=\"text-editor.default\">\n\t\t\t\t<div class=\"elementor-widget-container\">\n\t\t\t\t\t\t\t<p>Professora de Direito Civil da UERJ, parecerista, \u00e1rbitra e s\u00f3cia de BMA Advogados.<\/p>\t\t\t\t\t\t<\/div>\n\t\t\t\t<\/div>\n\t\t\t\t<\/div>\n\t\t\t\t<\/div>\n\t\t<div class=\"elementor-element elementor-element-9a3fc65 e-con-full bio-content-wrapper e-flex e-con e-child\" data-id=\"9a3fc65\" data-element_type=\"container\">\n\t\t\t\t<div class=\"elementor-element elementor-element-b38bb96 elementor-widget elementor-widget-image\" data-id=\"b38bb96\" data-element_type=\"widget\" data-widget_type=\"image.default\">\n\t\t\t\t<div class=\"elementor-widget-container\">\n\t\t\t\t\t\t\t\t\t\t\t\t\t<img loading=\"lazy\" decoding=\"async\" width=\"400\" height=\"500\" src=\"https:\/\/eventos.idsa.org.br\/idip\/wp-content\/uploads\/2024\/07\/gustavo_haical.jpg\" class=\"attachment-full size-full wp-image-867\" alt=\"Gustavo Haical\" srcset=\"https:\/\/eventos.idsa.org.br\/idip\/wp-content\/uploads\/2024\/07\/gustavo_haical.jpg 400w, https:\/\/eventos.idsa.org.br\/idip\/wp-content\/uploads\/2024\/07\/gustavo_haical-240x300.jpg 240w\" sizes=\"(max-width: 400px) 100vw, 400px\" \/>\t\t\t\t\t\t\t\t\t\t\t\t\t<\/div>\n\t\t\t\t<\/div>\n\t\t<div class=\"elementor-element elementor-element-481e8af e-con-full e-flex e-con e-child\" data-id=\"481e8af\" data-element_type=\"container\" data-settings=\"{&quot;background_background&quot;:&quot;classic&quot;}\">\n\t\t\t\t<div class=\"elementor-element elementor-element-cda0ad8 elementor-widget elementor-widget-heading\" data-id=\"cda0ad8\" data-element_type=\"widget\" data-widget_type=\"heading.default\">\n\t\t\t\t<div class=\"elementor-widget-container\">\n\t\t\t<h4 class=\"elementor-heading-title elementor-size-default\">Gustavo Haical<\/h4>\t\t<\/div>\n\t\t\t\t<\/div>\n\t\t\t\t<div class=\"elementor-element elementor-element-0c3071d remove-mb bio-card-description elementor-widget elementor-widget-text-editor\" data-id=\"0c3071d\" data-element_type=\"widget\" data-widget_type=\"text-editor.default\">\n\t\t\t\t<div class=\"elementor-widget-container\">\n\t\t\t\t\t\t\t<p>Doutor em Direito Civil pela USP. Mestre em Direito Privado e Especialista em Direito Civil pela UFRGS. Advogado. S\u00f3cio de Ernesto Tzirulnik Advocacia. Parecerista.<\/p>\t\t\t\t\t\t<\/div>\n\t\t\t\t<\/div>\n\t\t\t\t<\/div>\n\t\t\t\t<\/div>\n\t\t<div class=\"elementor-element elementor-element-6107c8a e-con-full bio-content-wrapper e-flex e-con e-child\" data-id=\"6107c8a\" data-element_type=\"container\">\n\t\t\t\t<div class=\"elementor-element elementor-element-2a704b6 elementor-widget elementor-widget-image\" data-id=\"2a704b6\" data-element_type=\"widget\" data-widget_type=\"image.default\">\n\t\t\t\t<div class=\"elementor-widget-container\">\n\t\t\t\t\t\t\t\t\t\t\t\t\t<img loading=\"lazy\" decoding=\"async\" width=\"400\" height=\"500\" src=\"https:\/\/eventos.idsa.org.br\/idip\/wp-content\/uploads\/2024\/07\/juliana_krueger_pela.jpg\" class=\"attachment-full size-full wp-image-868\" alt=\"Juliana Krueger Pela\" srcset=\"https:\/\/eventos.idsa.org.br\/idip\/wp-content\/uploads\/2024\/07\/juliana_krueger_pela.jpg 400w, https:\/\/eventos.idsa.org.br\/idip\/wp-content\/uploads\/2024\/07\/juliana_krueger_pela-240x300.jpg 240w\" sizes=\"(max-width: 400px) 100vw, 400px\" \/>\t\t\t\t\t\t\t\t\t\t\t\t\t<\/div>\n\t\t\t\t<\/div>\n\t\t<div class=\"elementor-element elementor-element-1ce216d e-con-full e-flex e-con e-child\" data-id=\"1ce216d\" data-element_type=\"container\" data-settings=\"{&quot;background_background&quot;:&quot;classic&quot;}\">\n\t\t\t\t<div class=\"elementor-element elementor-element-7942771 elementor-widget elementor-widget-heading\" data-id=\"7942771\" data-element_type=\"widget\" data-widget_type=\"heading.default\">\n\t\t\t\t<div class=\"elementor-widget-container\">\n\t\t\t<h4 class=\"elementor-heading-title elementor-size-default\">Juliana Krueger Pela<\/h4>\t\t<\/div>\n\t\t\t\t<\/div>\n\t\t\t\t<div class=\"elementor-element elementor-element-e695261 remove-mb bio-card-description elementor-widget elementor-widget-text-editor\" data-id=\"e695261\" data-element_type=\"widget\" data-widget_type=\"text-editor.default\">\n\t\t\t\t<div class=\"elementor-widget-container\">\n\t\t\t\t\t\t\t<p>Professora Doutora do Departamento de Direito Comercial da Faculdade de Direito da Universidade de S\u00e3o Paulo. S\u00f3cia de Advocacia Krueger Pela. Vice-Presidente do Conselho Consultivo do CAM da AMCHAM. Associada ao IEC, ao IDiP e ao IASP.<\/p>\t\t\t\t\t\t<\/div>\n\t\t\t\t<\/div>\n\t\t\t\t<\/div>\n\t\t\t\t<\/div>\n\t\t\t\t<\/div>\n\t\t\t\t<\/div>\n\t\t<div class=\"elementor-element elementor-element-fe3ec03 e-con-full e-flex e-con e-child\" data-id=\"fe3ec03\" data-element_type=\"container\">\n\t\t\t\t<div class=\"elementor-element elementor-element-912d011 bio-event-tagline elementor-widget elementor-widget-heading\" data-id=\"912d011\" data-element_type=\"widget\" data-widget_type=\"heading.default\">\n\t\t\t\t<div class=\"elementor-widget-container\">\n\t\t\t<div class=\"elementor-heading-title elementor-size-default\">Painel 4<\/div>\t\t<\/div>\n\t\t\t\t<\/div>\n\t\t\t\t<div class=\"elementor-element elementor-element-aeba531 bio-event-title elementor-widget elementor-widget-heading\" data-id=\"aeba531\" data-element_type=\"widget\" data-widget_type=\"heading.default\">\n\t\t\t\t<div class=\"elementor-widget-container\">\n\t\t\t<h3 class=\"elementor-heading-title elementor-size-default\">Mecanismos de Pre\u00e7o em Contratos de M&A<\/h3>\t\t<\/div>\n\t\t\t\t<\/div>\n\t\t<div class=\"elementor-element elementor-element-6f0f755 e-con-full e-flex e-con e-child\" data-id=\"6f0f755\" data-element_type=\"container\">\n\t\t<div class=\"elementor-element elementor-element-11984cc e-con-full bio-content-wrapper e-flex e-con e-child\" data-id=\"11984cc\" data-element_type=\"container\" data-settings=\"{&quot;background_background&quot;:&quot;classic&quot;}\">\n\t\t\t\t<div class=\"elementor-element elementor-element-4c9d8db elementor-widget elementor-widget-image\" data-id=\"4c9d8db\" data-element_type=\"widget\" data-widget_type=\"image.default\">\n\t\t\t\t<div class=\"elementor-widget-container\">\n\t\t\t\t\t\t\t\t\t\t\t\t\t<img loading=\"lazy\" decoding=\"async\" width=\"400\" height=\"500\" src=\"https:\/\/eventos.idsa.org.br\/idip\/wp-content\/uploads\/2024\/07\/fabiana_almeida.jpg\" class=\"attachment-full size-full wp-image-858\" alt=\"Fabiana Almeida\" srcset=\"https:\/\/eventos.idsa.org.br\/idip\/wp-content\/uploads\/2024\/07\/fabiana_almeida.jpg 400w, https:\/\/eventos.idsa.org.br\/idip\/wp-content\/uploads\/2024\/07\/fabiana_almeida-240x300.jpg 240w\" sizes=\"(max-width: 400px) 100vw, 400px\" \/>\t\t\t\t\t\t\t\t\t\t\t\t\t<\/div>\n\t\t\t\t<\/div>\n\t\t<div class=\"elementor-element elementor-element-9560a21 e-con-full e-flex e-con e-child\" data-id=\"9560a21\" data-element_type=\"container\" data-settings=\"{&quot;background_background&quot;:&quot;classic&quot;}\">\n\t\t\t\t<div class=\"elementor-element elementor-element-feecff9 elementor-widget elementor-widget-heading\" data-id=\"feecff9\" data-element_type=\"widget\" data-widget_type=\"heading.default\">\n\t\t\t\t<div class=\"elementor-widget-container\">\n\t\t\t<h4 class=\"elementor-heading-title elementor-size-default\">Fabiana Almeida <\/h4>\t\t<\/div>\n\t\t\t\t<\/div>\n\t\t\t\t<div class=\"elementor-element elementor-element-5ab8c05 elementor-widget elementor-widget-heading\" data-id=\"5ab8c05\" data-element_type=\"widget\" data-widget_type=\"heading.default\">\n\t\t\t\t<div class=\"elementor-widget-container\">\n\t\t\t<div class=\"elementor-heading-title elementor-size-default\">Moderadora<\/div>\t\t<\/div>\n\t\t\t\t<\/div>\n\t\t\t\t<div class=\"elementor-element elementor-element-18da0b2 remove-mb bio-card-description elementor-widget elementor-widget-text-editor\" data-id=\"18da0b2\" data-element_type=\"widget\" data-widget_type=\"text-editor.default\">\n\t\t\t\t<div class=\"elementor-widget-container\">\n\t\t\t\t\t\t\t<p>Advogada em S\u00e3o Paulo. S\u00f3cia de Advocacia Krueger Pela.<\/p>\t\t\t\t\t\t<\/div>\n\t\t\t\t<\/div>\n\t\t\t\t<div class=\"elementor-element elementor-element-e0d48f0 bio-link elementor-widget elementor-widget-heading\" data-id=\"e0d48f0\" data-element_type=\"widget\" data-widget_type=\"heading.default\">\n\t\t\t\t<div class=\"elementor-widget-container\">\n\t\t\t<div class=\"elementor-heading-title elementor-size-default\"><a href=\"#elementor-action%3Aaction%3Dpopup%3Aopen%26settings%3DeyJpZCI6Ijk4OCIsInRvZ2dsZSI6ZmFsc2V9\">+ Bio<\/a><\/div>\t\t<\/div>\n\t\t\t\t<\/div>\n\t\t\t\t<\/div>\n\t\t\t\t<\/div>\n\t\t<div class=\"elementor-element elementor-element-746cb8d e-con-full bio-content-wrapper e-flex e-con e-child\" data-id=\"746cb8d\" data-element_type=\"container\">\n\t\t\t\t<div class=\"elementor-element elementor-element-19784e1 elementor-widget elementor-widget-image\" data-id=\"19784e1\" data-element_type=\"widget\" data-widget_type=\"image.default\">\n\t\t\t\t<div class=\"elementor-widget-container\">\n\t\t\t\t\t\t\t\t\t\t\t\t\t<img loading=\"lazy\" decoding=\"async\" width=\"400\" height=\"500\" src=\"https:\/\/eventos.idsa.org.br\/idip\/wp-content\/uploads\/2024\/07\/flavio_malaga.jpg\" class=\"attachment-full size-full wp-image-861\" alt=\"Flavio Malaga\" srcset=\"https:\/\/eventos.idsa.org.br\/idip\/wp-content\/uploads\/2024\/07\/flavio_malaga.jpg 400w, https:\/\/eventos.idsa.org.br\/idip\/wp-content\/uploads\/2024\/07\/flavio_malaga-240x300.jpg 240w\" sizes=\"(max-width: 400px) 100vw, 400px\" \/>\t\t\t\t\t\t\t\t\t\t\t\t\t<\/div>\n\t\t\t\t<\/div>\n\t\t<div class=\"elementor-element elementor-element-52ddeee e-con-full e-flex e-con e-child\" data-id=\"52ddeee\" data-element_type=\"container\" data-settings=\"{&quot;background_background&quot;:&quot;classic&quot;}\">\n\t\t\t\t<div class=\"elementor-element elementor-element-45d0404 elementor-widget elementor-widget-heading\" data-id=\"45d0404\" data-element_type=\"widget\" data-widget_type=\"heading.default\">\n\t\t\t\t<div class=\"elementor-widget-container\">\n\t\t\t<h4 class=\"elementor-heading-title elementor-size-default\">Flavio Malaga<\/h4>\t\t<\/div>\n\t\t\t\t<\/div>\n\t\t\t\t<div class=\"elementor-element elementor-element-2c663ab remove-mb bio-card-description elementor-widget elementor-widget-text-editor\" data-id=\"2c663ab\" data-element_type=\"widget\" data-widget_type=\"text-editor.default\">\n\t\t\t\t<div class=\"elementor-widget-container\">\n\t\t\t\t\t\t\t<p>Phd.em Finan\u00e7as pela FEA\/USP, mestre pela.boston university e graduado em ci\u00eancias cont\u00e1beis.<\/p>\t\t\t\t\t\t<\/div>\n\t\t\t\t<\/div>\n\t\t\t\t<div class=\"elementor-element elementor-element-feae797 bio-link elementor-widget elementor-widget-heading\" data-id=\"feae797\" data-element_type=\"widget\" data-widget_type=\"heading.default\">\n\t\t\t\t<div class=\"elementor-widget-container\">\n\t\t\t<p class=\"elementor-heading-title elementor-size-default\"><a href=\"#elementor-action%3Aaction%3Dpopup%3Aopen%26settings%3DeyJpZCI6Ijk5NiIsInRvZ2dsZSI6ZmFsc2V9\">+ Bio<\/a><\/p>\t\t<\/div>\n\t\t\t\t<\/div>\n\t\t\t\t<\/div>\n\t\t\t\t<\/div>\n\t\t<div class=\"elementor-element elementor-element-70175f9 e-con-full bio-content-wrapper e-flex e-con e-child\" data-id=\"70175f9\" data-element_type=\"container\">\n\t\t\t\t<div class=\"elementor-element elementor-element-b5dfb6d elementor-widget elementor-widget-image\" data-id=\"b5dfb6d\" data-element_type=\"widget\" data-widget_type=\"image.default\">\n\t\t\t\t<div class=\"elementor-widget-container\">\n\t\t\t\t\t\t\t\t\t\t\t\t\t<img loading=\"lazy\" decoding=\"async\" width=\"400\" height=\"500\" src=\"https:\/\/eventos.idsa.org.br\/idip\/wp-content\/uploads\/2024\/07\/luciana_tornovsky.jpg\" class=\"attachment-full size-full wp-image-871\" alt=\"Luciana Cossermelli Tornovsky\" srcset=\"https:\/\/eventos.idsa.org.br\/idip\/wp-content\/uploads\/2024\/07\/luciana_tornovsky.jpg 400w, https:\/\/eventos.idsa.org.br\/idip\/wp-content\/uploads\/2024\/07\/luciana_tornovsky-240x300.jpg 240w\" sizes=\"(max-width: 400px) 100vw, 400px\" \/>\t\t\t\t\t\t\t\t\t\t\t\t\t<\/div>\n\t\t\t\t<\/div>\n\t\t<div class=\"elementor-element elementor-element-4a1ec2d e-con-full e-flex e-con e-child\" data-id=\"4a1ec2d\" data-element_type=\"container\" data-settings=\"{&quot;background_background&quot;:&quot;classic&quot;}\">\n\t\t\t\t<div class=\"elementor-element elementor-element-0de5766 elementor-widget elementor-widget-heading\" data-id=\"0de5766\" data-element_type=\"widget\" data-widget_type=\"heading.default\">\n\t\t\t\t<div class=\"elementor-widget-container\">\n\t\t\t<h4 class=\"elementor-heading-title elementor-size-default\">Luciana Cossermelli Tornovsky<\/h4>\t\t<\/div>\n\t\t\t\t<\/div>\n\t\t\t\t<div class=\"elementor-element elementor-element-3381da8 remove-mb bio-card-description elementor-widget elementor-widget-text-editor\" data-id=\"3381da8\" data-element_type=\"widget\" data-widget_type=\"text-editor.default\">\n\t\t\t\t<div class=\"elementor-widget-container\">\n\t\t\t\t\t\t\t<p>S\u00f3cia das \u00e1reas de fus\u00f5es e aquisi\u00e7\u00f5es (M&amp;A) e Societ\u00e1rio do Demarest.<\/p>\t\t\t\t\t\t<\/div>\n\t\t\t\t<\/div>\n\t\t\t\t<div class=\"elementor-element elementor-element-469ab18 bio-link elementor-widget elementor-widget-heading\" data-id=\"469ab18\" data-element_type=\"widget\" data-widget_type=\"heading.default\">\n\t\t\t\t<div class=\"elementor-widget-container\">\n\t\t\t<p class=\"elementor-heading-title elementor-size-default\"><a href=\"#elementor-action%3Aaction%3Dpopup%3Aopen%26settings%3DeyJpZCI6IjEwMDMiLCJ0b2dnbGUiOmZhbHNlfQ%3D%3D\">+ Bio<\/a><\/p>\t\t<\/div>\n\t\t\t\t<\/div>\n\t\t\t\t<\/div>\n\t\t\t\t<\/div>\n\t\t<div class=\"elementor-element elementor-element-d203767 e-con-full bio-content-wrapper e-flex e-con e-child\" data-id=\"d203767\" data-element_type=\"container\">\n\t\t\t\t<div class=\"elementor-element elementor-element-ceeac50 elementor-widget elementor-widget-image\" data-id=\"ceeac50\" data-element_type=\"widget\" data-widget_type=\"image.default\">\n\t\t\t\t<div class=\"elementor-widget-container\">\n\t\t\t\t\t\t\t\t\t\t\t\t\t<img loading=\"lazy\" decoding=\"async\" width=\"400\" height=\"500\" src=\"https:\/\/eventos.idsa.org.br\/idip\/wp-content\/uploads\/2024\/07\/mariana_conti_craveiro.jpg\" class=\"attachment-full size-full wp-image-873\" alt=\"Mariana Conti Craveiro\" srcset=\"https:\/\/eventos.idsa.org.br\/idip\/wp-content\/uploads\/2024\/07\/mariana_conti_craveiro.jpg 400w, https:\/\/eventos.idsa.org.br\/idip\/wp-content\/uploads\/2024\/07\/mariana_conti_craveiro-240x300.jpg 240w\" sizes=\"(max-width: 400px) 100vw, 400px\" \/>\t\t\t\t\t\t\t\t\t\t\t\t\t<\/div>\n\t\t\t\t<\/div>\n\t\t<div class=\"elementor-element elementor-element-1fcdb98 e-con-full e-flex e-con e-child\" data-id=\"1fcdb98\" data-element_type=\"container\" data-settings=\"{&quot;background_background&quot;:&quot;classic&quot;}\">\n\t\t\t\t<div class=\"elementor-element elementor-element-cc36cb6 elementor-widget elementor-widget-heading\" data-id=\"cc36cb6\" data-element_type=\"widget\" data-widget_type=\"heading.default\">\n\t\t\t\t<div class=\"elementor-widget-container\">\n\t\t\t<h4 class=\"elementor-heading-title elementor-size-default\">Mariana Conti Craveiro<\/h4>\t\t<\/div>\n\t\t\t\t<\/div>\n\t\t\t\t<div class=\"elementor-element elementor-element-6e50041 remove-mb bio-card-description elementor-widget elementor-widget-text-editor\" data-id=\"6e50041\" data-element_type=\"widget\" data-widget_type=\"text-editor.default\">\n\t\t\t\t<div class=\"elementor-widget-container\">\n\t\t\t\t\t\t\t<p>Doutora e Mestre em Direito Comercial pela FDUSP. Vice-Presidente do IDiP &#8211; Instituto de Direito Privado.<\/p>\t\t\t\t\t\t<\/div>\n\t\t\t\t<\/div>\n\t\t\t\t<div class=\"elementor-element elementor-element-ce0d9c1 bio-link elementor-widget elementor-widget-heading\" data-id=\"ce0d9c1\" data-element_type=\"widget\" data-widget_type=\"heading.default\">\n\t\t\t\t<div class=\"elementor-widget-container\">\n\t\t\t<p class=\"elementor-heading-title elementor-size-default\"><a href=\"#elementor-action%3Aaction%3Dpopup%3Aopen%26settings%3DeyJpZCI6IjEwMTAiLCJ0b2dnbGUiOmZhbHNlfQ%3D%3D\">+ Bio<\/a><\/p>\t\t<\/div>\n\t\t\t\t<\/div>\n\t\t\t\t<\/div>\n\t\t\t\t<\/div>\n\t\t<div class=\"elementor-element elementor-element-72d752c e-con-full bio-content-wrapper e-flex e-con e-child\" data-id=\"72d752c\" data-element_type=\"container\">\n\t\t\t\t<div class=\"elementor-element elementor-element-6f75d97 elementor-widget elementor-widget-image\" data-id=\"6f75d97\" data-element_type=\"widget\" data-widget_type=\"image.default\">\n\t\t\t\t<div class=\"elementor-widget-container\">\n\t\t\t\t\t\t\t\t\t\t\t\t\t<img loading=\"lazy\" decoding=\"async\" width=\"400\" height=\"500\" src=\"https:\/\/eventos.idsa.org.br\/idip\/wp-content\/uploads\/2024\/07\/mariana_martins-costa_ferreira.jpg\" class=\"attachment-full size-full wp-image-874\" alt=\"Mariana Martins-Costa Ferreira\" srcset=\"https:\/\/eventos.idsa.org.br\/idip\/wp-content\/uploads\/2024\/07\/mariana_martins-costa_ferreira.jpg 400w, https:\/\/eventos.idsa.org.br\/idip\/wp-content\/uploads\/2024\/07\/mariana_martins-costa_ferreira-240x300.jpg 240w\" sizes=\"(max-width: 400px) 100vw, 400px\" \/>\t\t\t\t\t\t\t\t\t\t\t\t\t<\/div>\n\t\t\t\t<\/div>\n\t\t<div class=\"elementor-element elementor-element-97eddf2 e-con-full e-flex e-con e-child\" data-id=\"97eddf2\" data-element_type=\"container\" data-settings=\"{&quot;background_background&quot;:&quot;classic&quot;}\">\n\t\t\t\t<div class=\"elementor-element elementor-element-c1f4aa3 elementor-widget elementor-widget-heading\" data-id=\"c1f4aa3\" data-element_type=\"widget\" data-widget_type=\"heading.default\">\n\t\t\t\t<div class=\"elementor-widget-container\">\n\t\t\t<h4 class=\"elementor-heading-title elementor-size-default\">Mariana Martins-Costa Ferreira<\/h4>\t\t<\/div>\n\t\t\t\t<\/div>\n\t\t\t\t<div class=\"elementor-element elementor-element-9785732 remove-mb bio-card-description elementor-widget elementor-widget-text-editor\" data-id=\"9785732\" data-element_type=\"widget\" data-widget_type=\"text-editor.default\">\n\t\t\t\t<div class=\"elementor-widget-container\">\n\t\t\t\t\t\t\t<p>Mestre e doutora em direito comercial pela USP. Professora do INSPER e da FGV Law. Diretora do IBRADEMP. S\u00f3cia de Ferro, Castro Neves, Daltro e Gomide\u00a0Advogados<\/p>\t\t\t\t\t\t<\/div>\n\t\t\t\t<\/div>\n\t\t\t\t<\/div>\n\t\t\t\t<\/div>\n\t\t\t\t<\/div>\n\t\t\t\t<\/div>\n\t\t<div class=\"elementor-element elementor-element-d90dcb5 e-con-full e-flex e-con e-child\" data-id=\"d90dcb5\" data-element_type=\"container\">\n\t\t\t\t<div class=\"elementor-element elementor-element-d8a84ce bio-event-tagline elementor-widget elementor-widget-heading\" data-id=\"d8a84ce\" data-element_type=\"widget\" data-widget_type=\"heading.default\">\n\t\t\t\t<div class=\"elementor-widget-container\">\n\t\t\t<div class=\"elementor-heading-title elementor-size-default\">Fechamento <\/div>\t\t<\/div>\n\t\t\t\t<\/div>\n\t\t\t\t<div class=\"elementor-element elementor-element-50bd3b2 bio-event-title elementor-widget elementor-widget-heading\" data-id=\"50bd3b2\" data-element_type=\"widget\" data-widget_type=\"heading.default\">\n\t\t\t\t<div class=\"elementor-widget-container\">\n\t\t\t<h3 class=\"elementor-heading-title elementor-size-default\">Disputas de M&A no Judici\u00e1rio<\/h3>\t\t<\/div>\n\t\t\t\t<\/div>\n\t\t<div class=\"elementor-element elementor-element-e0edcd5 e-con-full e-flex e-con e-child\" data-id=\"e0edcd5\" data-element_type=\"container\">\n\t\t<div class=\"elementor-element elementor-element-3b74195 e-con-full e-flex e-con e-child\" data-id=\"3b74195\" data-element_type=\"container\" data-settings=\"{&quot;background_background&quot;:&quot;classic&quot;}\">\n\t\t\t\t<div class=\"elementor-element elementor-element-453c118 elementor-widget elementor-widget-image\" data-id=\"453c118\" data-element_type=\"widget\" data-widget_type=\"image.default\">\n\t\t\t\t<div class=\"elementor-widget-container\">\n\t\t\t\t\t\t\t\t\t\t\t\t\t<img loading=\"lazy\" decoding=\"async\" width=\"400\" height=\"500\" src=\"https:\/\/eventos.idsa.org.br\/idip\/wp-content\/uploads\/2024\/07\/Eduardo_Nishi.jpg\" class=\"attachment-full size-full wp-image-1610\" alt=\"Eduardo Azuma Nishi\" srcset=\"https:\/\/eventos.idsa.org.br\/idip\/wp-content\/uploads\/2024\/07\/Eduardo_Nishi.jpg 400w, https:\/\/eventos.idsa.org.br\/idip\/wp-content\/uploads\/2024\/07\/Eduardo_Nishi-240x300.jpg 240w\" sizes=\"(max-width: 400px) 100vw, 400px\" \/>\t\t\t\t\t\t\t\t\t\t\t\t\t<\/div>\n\t\t\t\t<\/div>\n\t\t<div class=\"elementor-element elementor-element-da32ecd e-con-full e-flex e-con e-child\" data-id=\"da32ecd\" data-element_type=\"container\" data-settings=\"{&quot;background_background&quot;:&quot;classic&quot;}\">\n\t\t\t\t<div class=\"elementor-element elementor-element-5f1eb0d elementor-widget elementor-widget-heading\" data-id=\"5f1eb0d\" data-element_type=\"widget\" data-widget_type=\"heading.default\">\n\t\t\t\t<div class=\"elementor-widget-container\">\n\t\t\t<h4 class=\"elementor-heading-title elementor-size-default\">Eduardo Azuma Nishi<\/h4>\t\t<\/div>\n\t\t\t\t<\/div>\n\t\t\t\t<div class=\"elementor-element elementor-element-e47ff4d remove-mb bio-card-description elementor-widget elementor-widget-text-editor\" data-id=\"e47ff4d\" data-element_type=\"widget\" data-widget_type=\"text-editor.default\">\n\t\t\t\t<div class=\"elementor-widget-container\">\n\t\t\t\t\t\t\t<p>Desembargador da 1\u00aa C\u00e2mara Reservada de Direito Empresarial do Tribunal de Justi\u00e7a de S\u00e3o Paulo. Possui gradua\u00e7\u00e3o em Direito pela Universidade de S\u00e3o Paulo (1983) e Administra\u00e7\u00e3o de Empresas pela Funda\u00e7\u00e3o Get\u00falio Vargas &#8211; SP (EAESP). Mestre em Direito Comercial (PUCSP).<\/p>\t\t\t\t\t\t<\/div>\n\t\t\t\t<\/div>\n\t\t\t\t<\/div>\n\t\t\t\t<\/div>\n\t\t\t\t<\/div>\n\t\t\t\t<\/div>\n\t\t\t\t\t<\/div>\n\t\t\t\t<\/div>\n\t\t<div class=\"elementor-element elementor-element-0fdd7bd e-flex e-con-boxed e-con e-parent\" data-id=\"0fdd7bd\" data-element_type=\"container\">\n\t\t\t\t\t<div class=\"e-con-inner\">\n\t\t\t\t<div class=\"elementor-element elementor-element-cf45731 elementor-align-right elementor-widget elementor-widget-button\" data-id=\"cf45731\" data-element_type=\"widget\" data-widget_type=\"button.default\">\n\t\t\t\t<div class=\"elementor-widget-container\">\n\t\t\t\t\t<div class=\"elementor-button-wrapper\">\n\t\t\t<a class=\"elementor-button elementor-button-link elementor-size-sm\" href=\"#top\">\n\t\t\t\t\t\t<span class=\"elementor-button-content-wrapper\">\n\t\t\t\t\t\t<span class=\"elementor-button-icon\">\n\t\t\t\t<svg aria-hidden=\"true\" class=\"e-font-icon-svg e-fas-arrow-up\" viewBox=\"0 0 448 512\" xmlns=\"http:\/\/www.w3.org\/2000\/svg\"><path d=\"M34.9 289.5l-22.2-22.2c-9.4-9.4-9.4-24.6 0-33.9L207 39c9.4-9.4 24.6-9.4 33.9 0l194.3 194.3c9.4 9.4 9.4 24.6 0 33.9L413 289.4c-9.5 9.5-25 9.3-34.3-.4L264 168.6V456c0 13.3-10.7 24-24 24h-32c-13.3 0-24-10.7-24-24V168.6L69.2 289.1c-9.3 9.8-24.8 10-34.3.4z\"><\/path><\/svg>\t\t\t<\/span>\n\t\t\t\t\t\t\t\t<\/span>\n\t\t\t\t\t<\/a>\n\t\t<\/div>\n\t\t\t\t<\/div>\n\t\t\t\t<\/div>\n\t\t\t\t\t<\/div>\n\t\t\t\t<\/div>\n\t\t\t\t<\/div>\n\t\t","protected":false},"excerpt":{"rendered":"<p>Congresso Disputas em M&#038;A \u2013 IDSA &#038; IDiP \u2013 22 e 23 de agosto de 2024 9h00 \u00e0s 12h00 Audit\u00f3rio CAM-CCBC Rua do R\u00f3cio 220, 5\u00b0 andar, S\u00e3o Paulo Inscri\u00e7\u00f5es encerradas Programa\u00e7\u00e3o 22 de agosto23 de agosto 09h00 &#8211; 09h15 Caf\u00e9 de boas-vindas 09h15 &#8211; 09h30 Abertura (15min) 09h30 &#8211; 10h30 Painel 1: Declara\u00e7\u00f5es e &#8230; <a title=\"Home\" class=\"read-more\" href=\"https:\/\/eventos.idsa.org.br\/idip\/\" aria-label=\"Read more about Home\">Leia mais<\/a><\/p>\n","protected":false},"author":1,"featured_media":0,"parent":0,"menu_order":0,"comment_status":"closed","ping_status":"closed","template":"elementor_header_footer","meta":{"_acf_changed":false,"footnotes":""},"class_list":["post-13","page","type-page","status-publish"],"acf":[],"_links":{"self":[{"href":"https:\/\/eventos.idsa.org.br\/idip\/wp-json\/wp\/v2\/pages\/13","targetHints":{"allow":["GET"]}}],"collection":[{"href":"https:\/\/eventos.idsa.org.br\/idip\/wp-json\/wp\/v2\/pages"}],"about":[{"href":"https:\/\/eventos.idsa.org.br\/idip\/wp-json\/wp\/v2\/types\/page"}],"author":[{"embeddable":true,"href":"https:\/\/eventos.idsa.org.br\/idip\/wp-json\/wp\/v2\/users\/1"}],"replies":[{"embeddable":true,"href":"https:\/\/eventos.idsa.org.br\/idip\/wp-json\/wp\/v2\/comments?post=13"}],"version-history":[{"count":87,"href":"https:\/\/eventos.idsa.org.br\/idip\/wp-json\/wp\/v2\/pages\/13\/revisions"}],"predecessor-version":[{"id":1911,"href":"https:\/\/eventos.idsa.org.br\/idip\/wp-json\/wp\/v2\/pages\/13\/revisions\/1911"}],"wp:attachment":[{"href":"https:\/\/eventos.idsa.org.br\/idip\/wp-json\/wp\/v2\/media?parent=13"}],"curies":[{"name":"wp","href":"https:\/\/api.w.org\/{rel}","templated":true}]}}